{"id":5644,"date":"2024-07-13T20:15:04","date_gmt":"2024-07-13T18:15:04","guid":{"rendered":"https:\/\/schwimmen-vfrsimmern.de\/?page_id=5644"},"modified":"2025-05-18T17:14:08","modified_gmt":"2025-05-18T15:14:08","slug":"wettkampfkalender","status":"publish","type":"page","link":"https:\/\/schwimmen-vfrsimmern.de\/index.php\/wettkampfkalender\/","title":{"rendered":"Wettkampfkalender"},"content":{"rendered":"<div class=\"fusion-fullwidth fullwidth-box fusion-builder-row-1 fusion-flex-container has-pattern-background has-mask-background nonhundred-percent-fullwidth non-hundred-percent-height-scrolling\" style=\"--awb-border-radius-top-left:0px;--awb-border-radius-top-right:0px;--awb-border-radius-bottom-right:0px;--awb-border-radius-bottom-left:0px;--awb-flex-wrap:wrap;\" ><div class=\"fusion-builder-row fusion-row fusion-flex-align-items-flex-start fusion-flex-content-wrap\" style=\"max-width:1248px;margin-left: calc(-4% \/ 2 );margin-right: calc(-4% \/ 2 );\"><div class=\"fusion-layout-column fusion_builder_column fusion-builder-column-0 fusion_builder_column_1_1 1_1 fusion-flex-column\" style=\"--awb-bg-size:cover;--awb-width-large:100%;--awb-margin-top-large:0px;--awb-spacing-right-large:1.92%;--awb-margin-bottom-large:20px;--awb-spacing-left-large:1.92%;--awb-width-medium:100%;--awb-order-medium:0;--awb-spacing-right-medium:1.92%;--awb-spacing-left-medium:1.92%;--awb-width-small:100%;--awb-order-small:0;--awb-spacing-right-small:1.92%;--awb-spacing-left-small:1.92%;\"><div class=\"fusion-column-wrapper fusion-column-has-shadow fusion-flex-justify-content-flex-start fusion-content-layout-column\"><div class=\"fusion-events-shortcode fusion-events-shortcode-1 fusion-events-pagination-infinite\"><div class=\"fusion-events-wrapper\" data-pages=\"1\"><div class=\"fusion-events-post fusion-spacing-yes fusion-full-one fusion-layout-column fusion-column-last\" style=\"margin-bottom:4%;\"><div class=\"fusion-column-wrapper\"><div class=\"fusion-events-thumbnail hover-type-none\"><a href=\"https:\/\/schwimmen-vfrsimmern.de\/index.php\/event\/stadtwerke-cup-bad-kreuznach-2\/\" class=\"url\" rel=\"bookmark\" aria-label=\"Stadtwerke Cup Bad Kreuznach\">\t\t<div class=\" fusion-placeholder-image tribe-events-event-image\" data-origheight=\"150\" data-origwidth=\"100%\" style=\"height:150px;width:100%;\"><\/div>\n\t\t<\/a><\/div><div class=\"fusion-events-content-wrapper\" style=\"padding:20px 20px 20px 20px;\"><div class=\"fusion-events-meta\"><h2><a href=\"https:\/\/schwimmen-vfrsimmern.de\/index.php\/event\/stadtwerke-cup-bad-kreuznach-2\/\" class=\"url\" rel=\"bookmark\">Stadtwerke Cup Bad Kreuznach<\/a><\/h2><h4><span class=\"tribe-event-date-start\">Mai 9<\/span> - <span class=\"tribe-event-date-end\">Mai 10<\/span><\/h4><\/div><\/div><\/div><\/div><div class=\"fusion-events-post fusion-spacing-yes fusion-full-one fusion-layout-column fusion-column-last\" style=\"margin-bottom:4%;\"><div class=\"fusion-column-wrapper\"><div class=\"fusion-events-thumbnail hover-type-none\"><a href=\"https:\/\/schwimmen-vfrsimmern.de\/index.php\/event\/50-rhein-nahe-eck-schwimmfest\/\" class=\"url\" rel=\"bookmark\" aria-label=\"50. Rhein-Nahe-Eck Schwimmfest\">\t\t<div class=\" fusion-placeholder-image tribe-events-event-image\" data-origheight=\"150\" data-origwidth=\"100%\" style=\"height:150px;width:100%;\"><\/div>\n\t\t<\/a><\/div><div class=\"fusion-events-content-wrapper\" style=\"padding:20px 20px 20px 20px;\"><div class=\"fusion-events-meta\"><h2><a href=\"https:\/\/schwimmen-vfrsimmern.de\/index.php\/event\/50-rhein-nahe-eck-schwimmfest\/\" class=\"url\" rel=\"bookmark\">50. Rhein-Nahe-Eck Schwimmfest<\/a><\/h2><h4><span class=\"tribe-event-date-start\">Mai 17<\/span><\/h4><\/div><\/div><\/div><\/div><div class=\"fusion-events-post fusion-spacing-yes fusion-full-one fusion-layout-column fusion-column-last\" style=\"margin-bottom:4%;\"><div class=\"fusion-column-wrapper\"><div class=\"fusion-events-thumbnail hover-type-none\"><a href=\"https:\/\/schwimmen-vfrsimmern.de\/index.php\/event\/43-peter-und-paul-schwimmfest\/\" class=\"url\" rel=\"bookmark\" aria-label=\"43. Peter und Paul Schwimmfest Trier\">\t\t<div class=\" fusion-placeholder-image tribe-events-event-image\" data-origheight=\"150\" data-origwidth=\"100%\" style=\"height:150px;width:100%;\"><\/div>\n\t\t<\/a><\/div><div class=\"fusion-events-content-wrapper\" style=\"padding:20px 20px 20px 20px;\"><div class=\"fusion-events-meta\"><h2><a href=\"https:\/\/schwimmen-vfrsimmern.de\/index.php\/event\/43-peter-und-paul-schwimmfest\/\" class=\"url\" rel=\"bookmark\">43. Peter und Paul Schwimmfest Trier<\/a><\/h2><h4><span class=\"tribe-event-date-start\">Mai 30<\/span> - <span class=\"tribe-event-date-end\">Mai 31<\/span><\/h4><\/div><\/div><\/div><\/div><div class=\"fusion-events-post fusion-spacing-yes fusion-full-one fusion-layout-column fusion-column-last\" style=\"margin-bottom:4%;\"><div class=\"fusion-column-wrapper\"><div class=\"fusion-events-thumbnail hover-type-none\"><a href=\"https:\/\/schwimmen-vfrsimmern.de\/index.php\/event\/rheinland-meisterschaften-3\/\" class=\"url\" rel=\"bookmark\" aria-label=\"Rheinland-Meisterschaften\">\t\t<div class=\" fusion-placeholder-image tribe-events-event-image\" data-origheight=\"150\" data-origwidth=\"100%\" style=\"height:150px;width:100%;\"><\/div>\n\t\t<\/a><\/div><div class=\"fusion-events-content-wrapper\" style=\"padding:20px 20px 20px 20px;\"><div class=\"fusion-events-meta\"><h2><a href=\"https:\/\/schwimmen-vfrsimmern.de\/index.php\/event\/rheinland-meisterschaften-3\/\" class=\"url\" rel=\"bookmark\">Rheinland-Meisterschaften<\/a><\/h2><h4><span class=\"tribe-event-date-start\">Juni 20<\/span> - <span class=\"tribe-event-date-end\">Juni 21<\/span><\/h4><\/div><\/div><\/div><\/div><div class=\"fusion-events-post fusion-spacing-yes fusion-full-one fusion-layout-column fusion-column-last\" style=\"margin-bottom:4%;\"><div class=\"fusion-column-wrapper\"><div class=\"fusion-events-thumbnail hover-type-none\"><a href=\"https:\/\/schwimmen-vfrsimmern.de\/index.php\/event\/schinderhannes-schwimmfest-2\/\" class=\"url\" rel=\"bookmark\" aria-label=\"Schinderhannes-Schwimmfest\">\t\t<div class=\" fusion-placeholder-image tribe-events-event-image\" data-origheight=\"150\" data-origwidth=\"100%\" style=\"height:150px;width:100%;\"><\/div>\n\t\t<\/a><\/div><div class=\"fusion-events-content-wrapper\" style=\"padding:20px 20px 20px 20px;\"><div class=\"fusion-events-meta\"><h2><a href=\"https:\/\/schwimmen-vfrsimmern.de\/index.php\/event\/schinderhannes-schwimmfest-2\/\" class=\"url\" rel=\"bookmark\">Schinderhannes-Schwimmfest<\/a><\/h2><h4><span class=\"tribe-event-date-start\">September 19 @ 8:00<\/span> - <span class=\"tribe-event-date-end\">September 20 @ 19:00<\/span><\/h4><\/div><\/div><\/div><\/div><\/div><\/div><style type=\"text\/css\">.fusion-faqs-wrapper #accordian-1 .fusion-panel { border-color:var(--awb-color3); }.fusion-faqs-wrapper #accordian-1 .fusion-panel:hover{ border-color: var(--awb-color3); }.fusion-accordian #accordian-1 .panel-title a .fa-fusion-box:before{ font-size: 16px;width: 16px;}.fusion-accordian #accordian-1 .panel-title a .fa-fusion-box{ color: var(--awb-color1);}.fusion-accordian  #accordian-1 .panel-title a{font-family:var(--awb-typography1-font-family);font-weight:var(--awb-typography1-font-weight);font-style:var(--awb-typography1-font-style);}.fusion-accordian  #accordian-1 .panel-title a:not(:hover){color:hsla(var(--awb-color8-h),var(--awb-color8-s),calc( var(--awb-color8-l) + 20% ),var(--awb-color8-a));}.fusion-accordian  #accordian-1 .toggle-content{color:var(--awb-color7);font-family:var(--awb-typography4-font-family);font-weight:var(--awb-typography4-font-weight);font-style:var(--awb-typography4-font-style);}.fusion-accordian #accordian-1 .fa-fusion-box { background-color: var(--awb-color7) !important;border-color: var(--awb-color7) !important;}.fusion-accordian #accordian-1 .panel-title a:hover,.fusion-accordian #accordian-1 .panel-title a.hover { color: var(--awb-color4);}.fusion-faq-shortcode .fusion-accordian #accordian-1 .fusion-toggle-boxed-mode:hover .panel-title a { color: var(--awb-color4);}.fusion-accordian #accordian-1 .panel-title .active .fa-fusion-box,.fusion-accordian #accordian-1 .panel-title a:hover .fa-fusion-box,.fusion-accordian #accordian-1 .panel-title a.hover .fa-fusion-box { background-color: var(--awb-color4)!important;border-color: var(--awb-color4)!important;}<\/style><div class=\"fusion-faq-shortcode\" style=\"\"><ul role=\"menu\" class=\"fusion-filters clearfix\"><li role=\"presentation\" class=\"fusion-filter fusion-filter-all fusion-active\"><a role=\"menuitem\" data-filter=\"*\" href=\"#\">All<\/a><\/li><li role=\"presentation\" class=\"fusion-filter fusion-hidden\"><a role=\"menuitem\" data-filter=\".wettkampf\" href=\"#\">Wettkampf<\/a><\/li><\/ul><div class=\"fusion-faqs-wrapper\"><div class=\"accordian fusion-accordian\"><div class=\"panel-group \" id=\"accordian-1\"><div class=\"fusion-panel panel-default fusion-faq-post fusion-faq-post-5482 wettkampfrichter \"><span class=\"entry-title rich-snippet-hidden\">Wer ist Ansprechpartner f\u00fcr die Wettkampfrichter?<\/span><span class=\"vcard rich-snippet-hidden\"><span class=\"fn\"><a href=\"https:\/\/schwimmen-vfrsimmern.de\/index.php\/author\/michaelforster\/\" title=\"Beitr\u00e4ge von MichaelForster\" rel=\"author\">MichaelForster<\/a><\/span><\/span><span class=\"updated rich-snippet-hidden\">2025-07-13T16:44:30+02:00<\/span><div class=\"panel-heading\"><h4 id=\"faq_1-5482\" class=\"panel-title toggle\"><a data-toggle=\"collapse\" class=\"collapsed\" data-parent=\"#accordian-1\" data-target=\"#collapse-1-5482\" href=\"#collapse-1-5482\" aria-expanded=\"false\"><div class=\"fusion-toggle-icon-wrapper\"><div class=\"fusion-toggle-icon-wrapper-main\"><div class=\"fusion-toggle-icon-wrapper-sub\"><i class=\"fa-fusion-box active-icon awb-icon-minus\" aria-hidden=\"true\"><\/i><i class=\"fa-fusion-box inactive-icon awb-icon-plus\" aria-hidden=\"true\"><\/i><\/div><\/div><\/div><div class=\"fusion-toggle-heading\">Wer ist Ansprechpartner f\u00fcr die Wettkampfrichter?<\/div><\/a><\/h4><\/div><div id=\"collapse-1-5482\" aria-labelledby=\"faq_1-5482\" class=\"panel-collapse collapse\"><div class=\"panel-body toggle-content post-content\"><p>In erster Linie unsere Kampfrichterwartin, aktuell Julia Piroth. Ihr erreicht Sie unter der Mailadresse kampfrichterwart@schwimmen-vfrsimmern.de<\/p>\n<\/div><\/div><\/div><div class=\"fusion-panel panel-default fusion-faq-post fusion-faq-post-5480 wettkampfrichter \"><span class=\"entry-title rich-snippet-hidden\">Wann werde ich als Wettkampfrichter eingesetzt?<\/span><span class=\"vcard rich-snippet-hidden\"><span class=\"fn\"><a href=\"https:\/\/schwimmen-vfrsimmern.de\/index.php\/author\/michaelforster\/\" title=\"Beitr\u00e4ge von MichaelForster\" rel=\"author\">MichaelForster<\/a><\/span><\/span><span class=\"updated rich-snippet-hidden\">2024-07-07T17:46:18+02:00<\/span><div class=\"panel-heading\"><h4 id=\"faq_1-5480\" class=\"panel-title toggle\"><a data-toggle=\"collapse\" class=\"collapsed\" data-parent=\"#accordian-1\" data-target=\"#collapse-1-5480\" href=\"#collapse-1-5480\" aria-expanded=\"false\"><div class=\"fusion-toggle-icon-wrapper\"><div class=\"fusion-toggle-icon-wrapper-main\"><div class=\"fusion-toggle-icon-wrapper-sub\"><i class=\"fa-fusion-box active-icon awb-icon-minus\" aria-hidden=\"true\"><\/i><i class=\"fa-fusion-box inactive-icon awb-icon-plus\" aria-hidden=\"true\"><\/i><\/div><\/div><\/div><div class=\"fusion-toggle-heading\">Wann werde ich als Wettkampfrichter eingesetzt?<\/div><\/a><\/h4><\/div><div id=\"collapse-1-5480\" aria-labelledby=\"faq_1-5480\" class=\"panel-collapse collapse\"><div class=\"panel-body toggle-content post-content\"><p>Der Einteilung der Wettkampfrichter orientiert sich an der Teilnahme bzw. den Wettk\u00e4mpfen des Kindes. Wir versuchen zu steuern, dass an einem Wettkampf jeder nur einen Abschnitt eingeteilt wird. Dies ist jedoch nicht immer m\u00f6glich.<\/p>\n<\/div><\/div><\/div><div class=\"fusion-panel panel-default fusion-faq-post fusion-faq-post-5478 wettkampfrichter \"><span class=\"entry-title rich-snippet-hidden\">Wie werde ich Wettkampfrichter?<\/span><span class=\"vcard rich-snippet-hidden\"><span class=\"fn\"><a href=\"https:\/\/schwimmen-vfrsimmern.de\/index.php\/author\/michaelforster\/\" title=\"Beitr\u00e4ge von MichaelForster\" rel=\"author\">MichaelForster<\/a><\/span><\/span><span class=\"updated rich-snippet-hidden\">2024-07-07T17:46:11+02:00<\/span><div class=\"panel-heading\"><h4 id=\"faq_1-5478\" class=\"panel-title toggle\"><a data-toggle=\"collapse\" class=\"collapsed\" data-parent=\"#accordian-1\" data-target=\"#collapse-1-5478\" href=\"#collapse-1-5478\" aria-expanded=\"false\"><div class=\"fusion-toggle-icon-wrapper\"><div class=\"fusion-toggle-icon-wrapper-main\"><div class=\"fusion-toggle-icon-wrapper-sub\"><i class=\"fa-fusion-box active-icon awb-icon-minus\" aria-hidden=\"true\"><\/i><i class=\"fa-fusion-box inactive-icon awb-icon-plus\" aria-hidden=\"true\"><\/i><\/div><\/div><\/div><div class=\"fusion-toggle-heading\">Wie werde ich Wettkampfrichter?<\/div><\/a><\/h4><\/div><div id=\"collapse-1-5478\" aria-labelledby=\"faq_1-5478\" class=\"panel-collapse collapse\"><div class=\"panel-body toggle-content post-content\"><p>Einmal im Jahr findet seitens des Schwimmverbandes eine Kampfrichterausbildung statt. Die Neuausbildung dauert einen Tag. Anschlie\u00dfend m\u00fcssen die Anw\u00e4rter noch in vier Abschnitten w\u00e4hrend beliebigen Wettk\u00e4mpfen in den einzelnen Positionen hospitieren. Anschlie\u00dfend ist man fertig ausgebildet und einsatzbereit. Alle zwei Jahre erfolgt eine Fortbildung zur Lizenzverl\u00e4ngerung. Die Kosten f\u00fcr die Aus- und Fortbildung \u00fcbernimmt der Verein.<\/p>\n<\/div><\/div><\/div><div class=\"fusion-panel panel-default fusion-faq-post fusion-faq-post-5475 wettkampfrichter \"><span class=\"entry-title rich-snippet-hidden\">Wer stellt die Wettkampfrichter bei einem Wettkampf?<\/span><span class=\"vcard rich-snippet-hidden\"><span class=\"fn\"><a href=\"https:\/\/schwimmen-vfrsimmern.de\/index.php\/author\/michaelforster\/\" title=\"Beitr\u00e4ge von MichaelForster\" rel=\"author\">MichaelForster<\/a><\/span><\/span><span class=\"updated rich-snippet-hidden\">2024-07-07T17:45:58+02:00<\/span><div class=\"panel-heading\"><h4 id=\"faq_1-5475\" class=\"panel-title toggle\"><a data-toggle=\"collapse\" class=\"collapsed\" data-parent=\"#accordian-1\" data-target=\"#collapse-1-5475\" href=\"#collapse-1-5475\" aria-expanded=\"false\"><div class=\"fusion-toggle-icon-wrapper\"><div class=\"fusion-toggle-icon-wrapper-main\"><div class=\"fusion-toggle-icon-wrapper-sub\"><i class=\"fa-fusion-box active-icon awb-icon-minus\" aria-hidden=\"true\"><\/i><i class=\"fa-fusion-box inactive-icon awb-icon-plus\" aria-hidden=\"true\"><\/i><\/div><\/div><\/div><div class=\"fusion-toggle-heading\">Wer stellt die Wettkampfrichter bei einem Wettkampf?<\/div><\/a><\/h4><\/div><div id=\"collapse-1-5475\" aria-labelledby=\"faq_1-5475\" class=\"panel-collapse collapse\"><div class=\"panel-body toggle-content post-content\"><p>Jeder Verein, der an einem Wettkampf teilnimmt, muss je nach Anzahl der Meldungen, eigene Wettkampfrichter stellen. Die Vereine sind dazu verpflichtet. Damit unsere einzelnen Kampfrichter nicht zu oft eingesetzt werden m\u00fcssen, verteilen wir das auf viele Schultern. Aus diesem Grund erwarten wir, dass sich aus jeder Familie ein Elternteil aktiv als Wettkampfrichter zur Verf\u00fcgung stellt.<\/p>\n<\/div><\/div><\/div><div class=\"fusion-panel panel-default fusion-faq-post fusion-faq-post-5473 wettkampf \"><span class=\"entry-title rich-snippet-hidden\">Was wird in der FINA-Punktetabelle gespeichert?<\/span><span class=\"vcard rich-snippet-hidden\"><span class=\"fn\"><a href=\"https:\/\/schwimmen-vfrsimmern.de\/index.php\/author\/michaelforster\/\" title=\"Beitr\u00e4ge von MichaelForster\" rel=\"author\">MichaelForster<\/a><\/span><\/span><span class=\"updated rich-snippet-hidden\">2024-07-07T17:45:51+02:00<\/span><div class=\"panel-heading\"><h4 id=\"faq_1-5473\" class=\"panel-title toggle\"><a data-toggle=\"collapse\" class=\"collapsed\" data-parent=\"#accordian-1\" data-target=\"#collapse-1-5473\" href=\"#collapse-1-5473\" aria-expanded=\"false\"><div class=\"fusion-toggle-icon-wrapper\"><div class=\"fusion-toggle-icon-wrapper-main\"><div class=\"fusion-toggle-icon-wrapper-sub\"><i class=\"fa-fusion-box active-icon awb-icon-minus\" aria-hidden=\"true\"><\/i><i class=\"fa-fusion-box inactive-icon awb-icon-plus\" aria-hidden=\"true\"><\/i><\/div><\/div><\/div><div class=\"fusion-toggle-heading\">Was wird in der FINA-Punktetabelle gespeichert?<\/div><\/a><\/h4><\/div><div id=\"collapse-1-5473\" aria-labelledby=\"faq_1-5473\" class=\"panel-collapse collapse\"><div class=\"panel-body toggle-content post-content\"><p>Die FINA-Tabelle arbeitet \u00e4hnlich wie die DSV-Tabelle mit dem Unterschied, dass zwischen Kurzbahn und Langbahn unterschieden wird. Sie dient der Berechnung von zeitabh\u00e4ngigen Punkten. Die Tabelle ist altersunabh\u00e4ngig und gibt f\u00fcr jede Strecke ab 50m eine Zeit vor, die 1000 Punkte ergibt. Mit dieser 1000-Punkte-Zeit ist es dann m\u00f6glich, jede geschwommene Zeit in eine Punktzahl umzurechnen. Eine Begrenzung nach oben gibt es nicht.<\/p>\n<\/div><\/div><\/div><div class=\"fusion-panel panel-default fusion-faq-post fusion-faq-post-5471 wettkampf \"><span class=\"entry-title rich-snippet-hidden\">Was ist die DSV-Punktetabelle?<\/span><span class=\"vcard rich-snippet-hidden\"><span class=\"fn\"><a href=\"https:\/\/schwimmen-vfrsimmern.de\/index.php\/author\/michaelforster\/\" title=\"Beitr\u00e4ge von MichaelForster\" rel=\"author\">MichaelForster<\/a><\/span><\/span><span class=\"updated rich-snippet-hidden\">2024-07-07T17:45:45+02:00<\/span><div class=\"panel-heading\"><h4 id=\"faq_1-5471\" class=\"panel-title toggle\"><a data-toggle=\"collapse\" class=\"collapsed\" data-parent=\"#accordian-1\" data-target=\"#collapse-1-5471\" href=\"#collapse-1-5471\" aria-expanded=\"false\"><div class=\"fusion-toggle-icon-wrapper\"><div class=\"fusion-toggle-icon-wrapper-main\"><div class=\"fusion-toggle-icon-wrapper-sub\"><i class=\"fa-fusion-box active-icon awb-icon-minus\" aria-hidden=\"true\"><\/i><i class=\"fa-fusion-box inactive-icon awb-icon-plus\" aria-hidden=\"true\"><\/i><\/div><\/div><\/div><div class=\"fusion-toggle-heading\">Was ist die DSV-Punktetabelle?<\/div><\/a><\/h4><\/div><div id=\"collapse-1-5471\" aria-labelledby=\"faq_1-5471\" class=\"panel-collapse collapse\"><div class=\"panel-body toggle-content post-content\"><p>Die DSV-Tabelle wird auch als schwimmsportliche Leistungstabelle bezeichnet und dient der Berechnung von zeitabh\u00e4ngigen Punkten im Bereich des deutschen Schwimmverbands. Die Tabelle ist altersunabh\u00e4ngig und gibt f\u00fcr jede Strecke ab 50m eine Zeit vor, die 1000 Punkte ergibt. Mit dieser 1000-Punkte-Zeit ist es dann m\u00f6glich, jede geschwommene Zeit in eine Punktzahl umzurechnen. Eine Begrenzung nach oben gibt es nicht.<\/p>\n<p>Die DSV-Tabelle wird von der Fachsparte Schwimmen des DSV jeweils am Ende eines olympischen Jahres festgelegt und ist dann f\u00fcr vier Jahre g\u00fcltig. Die Leistungen auf einer DMS werden anhand dieser Tabelle in Punkte umgerechnet und addiert. Aber auch auf vielen anderen Veranstaltungen werden Punkte anhand der DSV-Tabelle vergeben, z.B. um die beste Leistung einer Veranstaltung zu ermitteln oder um Mehrkampfwertungen durchzuf\u00fchren.<\/p>\n<\/div><\/div><\/div><div class=\"fusion-panel panel-default fusion-faq-post fusion-faq-post-5469 wettkampf \"><span class=\"entry-title rich-snippet-hidden\">Was ist die Deutsche Mannschaftsmeisterschaft- Jugend (DMS-J)?<\/span><span class=\"vcard rich-snippet-hidden\"><span class=\"fn\"><a href=\"https:\/\/schwimmen-vfrsimmern.de\/index.php\/author\/michaelforster\/\" title=\"Beitr\u00e4ge von MichaelForster\" rel=\"author\">MichaelForster<\/a><\/span><\/span><span class=\"updated rich-snippet-hidden\">2024-07-07T17:45:39+02:00<\/span><div class=\"panel-heading\"><h4 id=\"faq_1-5469\" class=\"panel-title toggle\"><a data-toggle=\"collapse\" class=\"collapsed\" data-parent=\"#accordian-1\" data-target=\"#collapse-1-5469\" href=\"#collapse-1-5469\" aria-expanded=\"false\"><div class=\"fusion-toggle-icon-wrapper\"><div class=\"fusion-toggle-icon-wrapper-main\"><div class=\"fusion-toggle-icon-wrapper-sub\"><i class=\"fa-fusion-box active-icon awb-icon-minus\" aria-hidden=\"true\"><\/i><i class=\"fa-fusion-box inactive-icon awb-icon-plus\" aria-hidden=\"true\"><\/i><\/div><\/div><\/div><div class=\"fusion-toggle-heading\">Was ist die Deutsche Mannschaftsmeisterschaft- Jugend (DMS-J)?<\/div><\/a><\/h4><\/div><div id=\"collapse-1-5469\" aria-labelledby=\"faq_1-5469\" class=\"panel-collapse collapse\"><div class=\"panel-body toggle-content post-content\"><p>Bei der DMS-J werden immer zwei Jahrg\u00e4nge in eine Jugend zusammengefasst (wie bei Fu\u00df- und Handball). Diese werden A-, B-, C-, D- und E-Jugend genannt. Bei diesem Wettkampf werden ausschlie\u00dflich Staffeln geschwommen. Die Zeiten der Staffeln werden dann addiert.\u00a0 Diese Wettk\u00e4mpfe werden zun\u00e4chst auf Landesebene geschwommen. Als h\u00f6chste Ebene gibt es das Bundesfinale.<\/p>\n<\/div><\/div><\/div><div class=\"fusion-panel panel-default fusion-faq-post fusion-faq-post-5467 wettkampf \"><span class=\"entry-title rich-snippet-hidden\">Was ist die Deutsche Mannschaftsmeisterschaft (DMS)?<\/span><span class=\"vcard rich-snippet-hidden\"><span class=\"fn\"><a href=\"https:\/\/schwimmen-vfrsimmern.de\/index.php\/author\/michaelforster\/\" title=\"Beitr\u00e4ge von MichaelForster\" rel=\"author\">MichaelForster<\/a><\/span><\/span><span class=\"updated rich-snippet-hidden\">2024-07-07T17:45:31+02:00<\/span><div class=\"panel-heading\"><h4 id=\"faq_1-5467\" class=\"panel-title toggle\"><a data-toggle=\"collapse\" class=\"collapsed\" data-parent=\"#accordian-1\" data-target=\"#collapse-1-5467\" href=\"#collapse-1-5467\" aria-expanded=\"false\"><div class=\"fusion-toggle-icon-wrapper\"><div class=\"fusion-toggle-icon-wrapper-main\"><div class=\"fusion-toggle-icon-wrapper-sub\"><i class=\"fa-fusion-box active-icon awb-icon-minus\" aria-hidden=\"true\"><\/i><i class=\"fa-fusion-box inactive-icon awb-icon-plus\" aria-hidden=\"true\"><\/i><\/div><\/div><\/div><div class=\"fusion-toggle-heading\">Was ist die Deutsche Mannschaftsmeisterschaft (DMS)?<\/div><\/a><\/h4><\/div><div id=\"collapse-1-5467\" aria-labelledby=\"faq_1-5467\" class=\"panel-collapse collapse\"><div class=\"panel-body toggle-content post-content\"><p>Die DMS ist der einzige Wettkampf im Schwimmsport der als Mannschaft gewertet wird. Hier gibt es wie in anderen Sportarten (Fu\u00dfball, Handball usw.) eine Ligasystem. Im Schwimmen gibt es die 1. \/2. Bundesliga darunter, dann die Ligen der Landesverb\u00e4nde, die unterschiedlich hei\u00dfen k\u00f6nnen. Bei der DMS muss das olympische Schwimmprogramm zweimal, in 2 Abschnitten geschwommen (Ausnahme 1. Bundesliga: dort 3x in 3 Abschnitten) werden. Jeder Schwimmer darf h\u00f6chstens 4x (Bundesliga 5x) eingesetzt werden. Ein Schwimmer darf eine Strecke nur einmal schwimmen. Wird ein Schwimmer disqualifiziert, darf nur er die Strecke nachschwimmen.\u00a0 Das Nachschwimmen rechnet aber auf die Anzahl der Starts an. F\u00fcr jede Strecke werden dann die FINA-Punkte addiert. Aus den erreichten Punkten werden dann die Platzierungen festgelegt. Die Reglungen f\u00fcr Auf- und Abstieg werden regelm\u00e4\u00dfig ge\u00e4ndert. Die genauen Regeln k\u00f6nnt ihr der Ausschreibung entnehmen.<\/p>\n<\/div><\/div><\/div><div class=\"fusion-panel panel-default fusion-faq-post fusion-faq-post-5465 wettkampf \"><span class=\"entry-title rich-snippet-hidden\">Was muss ich rund um einen Schwimmwettkampf wissen?<\/span><span class=\"vcard rich-snippet-hidden\"><span class=\"fn\"><a href=\"https:\/\/schwimmen-vfrsimmern.de\/index.php\/author\/michaelforster\/\" title=\"Beitr\u00e4ge von MichaelForster\" rel=\"author\">MichaelForster<\/a><\/span><\/span><span class=\"updated rich-snippet-hidden\">2025-04-14T16:48:36+02:00<\/span><div class=\"panel-heading\"><h4 id=\"faq_1-5465\" class=\"panel-title toggle\"><a data-toggle=\"collapse\" class=\"collapsed\" data-parent=\"#accordian-1\" data-target=\"#collapse-1-5465\" href=\"#collapse-1-5465\" aria-expanded=\"false\"><div class=\"fusion-toggle-icon-wrapper\"><div class=\"fusion-toggle-icon-wrapper-main\"><div class=\"fusion-toggle-icon-wrapper-sub\"><i class=\"fa-fusion-box active-icon awb-icon-minus\" aria-hidden=\"true\"><\/i><i class=\"fa-fusion-box inactive-icon awb-icon-plus\" aria-hidden=\"true\"><\/i><\/div><\/div><\/div><div class=\"fusion-toggle-heading\">Was muss ich rund um einen Schwimmwettkampf wissen?<\/div><\/a><\/h4><\/div><div id=\"collapse-1-5465\" aria-labelledby=\"faq_1-5465\" class=\"panel-collapse collapse\"><div class=\"panel-body toggle-content post-content\"><div class=\"fusion-fullwidth fullwidth-box fusion-builder-row-1-1 fusion-flex-container nonhundred-percent-fullwidth non-hundred-percent-height-scrolling\" style=\"--awb-border-radius-top-left:0px;--awb-border-radius-top-right:0px;--awb-border-radius-bottom-right:0px;--awb-border-radius-bottom-left:0px;--awb-flex-wrap:wrap;\" ><div class=\"fusion-builder-row fusion-row fusion-flex-align-items-flex-start fusion-flex-content-wrap\" style=\"width:104% !important;max-width:104% !important;margin-left: calc(-4% \/ 2 );margin-right: calc(-4% \/ 2 );\"><div class=\"fusion-layout-column fusion_builder_column fusion-builder-column-1 fusion_builder_column_1_1 1_1 fusion-flex-column\" style=\"--awb-bg-size:cover;--awb-width-large:100%;--awb-flex-grow:0;--awb-flex-shrink:0;--awb-margin-top-large:0px;--awb-spacing-right-large:1.92%;--awb-margin-bottom-large:0px;--awb-spacing-left-large:1.92%;--awb-width-medium:100%;--awb-flex-grow-medium:0;--awb-flex-shrink-medium:0;--awb-spacing-right-medium:1.92%;--awb-spacing-left-medium:1.92%;--awb-width-small:100%;--awb-flex-grow-small:0;--awb-flex-shrink-small:0;--awb-spacing-right-small:1.92%;--awb-spacing-left-small:1.92%;\"><div class=\"fusion-column-wrapper fusion-flex-justify-content-flex-start fusion-content-layout-column\"><div class=\"fusion-text fusion-text-1\"><p>\u00dcber das Jahr hinweg veranstalten die verschiedenen Vereine Wettk\u00e4mpfe in ihren B\u00e4dern. Die Wettk\u00e4mpfe dauern i.d.R. 1 oder 2 Tage. Unser Trainerteam stimmt mit den Schwimmern ab, wer an welchem Wettkampf teilnimmt. Die Starts pro Teilnehmer sind auf 2 pro Abschnitt (1 Abschnitt=i.d.R. ein halber Tag) begrenzt. Die \u201eKleinen\u201c Schwimmer starten noch auf wenigen Veranstaltungen, die auch kindgerechte Wettk\u00e4mpfe anbieten.<\/p>\n<p>Wenn du das erste Mal an einem Wettkampf teilnimmst, sieh dir vorher unsere separate Info<strong> <a href=\"https:\/\/schwimmen-vfrsimmern.de\/index.php\/mein-erster-wettkampf\/\">\u201eMein erster Wettkampf\u201c<\/a> <\/strong>an.<\/p>\n<p><u>Ausschreibung<\/u><\/p>\n<p>Jeder Verein, der einen Schwimmwettkampf veranstaltet, erstellt eine Ausschreibung. Hier sind alle Informationen zu dem Wettkampf, wie Wettkampfort, Wettkampffolge, Wettkampfzeit usw. beschrieben. Unsere Trainer schauen sich die Ausschreibungen der verschiedenen Wettk\u00e4mpfe an und legen fest, welche Wettk\u00e4mpfe f\u00fcr unsere Schwimmer in Frage kommen.<\/p>\n<p><u>Meldeliste<\/u><\/p>\n<p>Nachdem die Trainer alle infrage kommenden Schwimmer befragt haben, wird die Meldeliste erstellt. Hier k\u00f6nnt ihr sehen, welcher Schwimmer welche Disziplin und Strecke schwimmen muss und mit welcher Zeit er gemeldet wird. Wenn ihr an einem Schwimmwettkampf teilnehmen sollt, kontrolliert die Meldeliste, sobald ihr per Mail dazu aufgefordert werdet. Falls Fehler drin enthalten sein sollten, meldet euch bei Michael Lyczkowski.<\/p>\n<p><u>Meldeergebnis<\/u><\/p>\n<p>Das Meldeergebnis wird durch den Veranstalter des Wettkampfes nach dem Meldeschluss erstellt. Hier werden alle Meldungen der verschiedenen Vereine zusammengefasst. Auf dem Ergebnis k\u00f6nnt ihr sehen, in welchen L\u00e4ufen und auf welcher Bahn ihr schwimmen m\u00fcsst. Im besten Fall ist auch eine Uhrzeit des Laufes angegeben. Dieser Zeitpunkt kann sich aber noch w\u00e4hrend eines Wettkampfes nach vorne oder hinten verschieben. Ihr solltet euch \u00fcberlegen, ob ihr euch vielleicht vor einem Wettkampf das Meldeergebnis ausdruckt, in jedem Fall empfehlen wir das Meldeergebnis dabei zu haben, in digitaler Form reicht nat\u00fcrlich auch aus.<\/p>\n<p><u>Ergebnisliste<\/u><\/p>\n<p>Ein paar Tage nach dem Wettkampf, wird durch den Veranstalter das Ergebnis an die teilnehmenden Vereine gesendet. Hieraus wird die Ergebnisliste erstellt. Hier sieht man auf einen Blick die Leistungen und Platzierungen der Schwimmer und, ob neue pers\u00f6nliche Bestzeiten oder Vereinsrekorde oder \u00e4hnliches geschwommen wurden.<\/p>\n<p><u>Protokoll<\/u><\/p>\n<p>Das Protokoll dient als offizieller Nachweis des Wettkampfverlaufs und listet alle erbrachten Schwimmleistungen w\u00e4hrend des Wettkampfes auf.<\/p>\n<\/div><\/div><\/div><\/div><\/div>\n<\/div><\/div><\/div><div class=\"fusion-panel panel-default fusion-faq-post fusion-faq-post-5456 wettkampf \"><span class=\"entry-title rich-snippet-hidden\">Sporttauglichkeits-Bescheinigung<\/span><span class=\"vcard rich-snippet-hidden\"><span class=\"fn\"><a href=\"https:\/\/schwimmen-vfrsimmern.de\/index.php\/author\/michaelforster\/\" title=\"Beitr\u00e4ge von MichaelForster\" rel=\"author\">MichaelForster<\/a><\/span><\/span><span class=\"updated rich-snippet-hidden\">2024-07-07T17:44:51+02:00<\/span><div class=\"panel-heading\"><h4 id=\"faq_1-5456\" class=\"panel-title toggle\"><a data-toggle=\"collapse\" class=\"collapsed\" data-parent=\"#accordian-1\" data-target=\"#collapse-1-5456\" href=\"#collapse-1-5456\" aria-expanded=\"false\"><div class=\"fusion-toggle-icon-wrapper\"><div class=\"fusion-toggle-icon-wrapper-main\"><div class=\"fusion-toggle-icon-wrapper-sub\"><i class=\"fa-fusion-box active-icon awb-icon-minus\" aria-hidden=\"true\"><\/i><i class=\"fa-fusion-box inactive-icon awb-icon-plus\" aria-hidden=\"true\"><\/i><\/div><\/div><\/div><div class=\"fusion-toggle-heading\">Sporttauglichkeits-Bescheinigung<\/div><\/a><\/h4><\/div><div id=\"collapse-1-5456\" aria-labelledby=\"faq_1-5456\" class=\"panel-collapse collapse\"><div class=\"panel-body toggle-content post-content\"><p>Um am Training und an Wettk\u00e4mpfen teilnehmen zu k\u00f6nnen, muss von jedem Schwimmer ein Gesundheitsattest vom Arzt vorliegen. Dieses ist ein Jahr g\u00fcltig. Bitte vereinbare fr\u00fchzeitig einen Arzttermin, damit das Attest rechtzeitig vorliegt. Ohne dieses Attest ist eine Teilnahme an Wettk\u00e4mpfen nicht m\u00f6glich. Bitte denk auch daran, das Attest j\u00e4hrlich zu erneuern!<\/p>\n<p>Hier kannst du dir das Dokument hierf\u00fcr herunterladen:<div ><a class=\"fusion-button button-3d fusion-button-default-size button-default fusion-button-default button-1 fusion-button-default-span \" target=\"_self\" title=\"Download\" aria-label=\"Download\" href=\"https:\/\/schwimmen-vfrsimmern.de\/wp-content\/uploads\/2024\/07\/Attest-Sporttauglichkeit.pdf\"><i class=\"fa-download fas awb-button__icon awb-button__icon--default button-icon-left\" aria-hidden=\"true\"><\/i><span class=\"fusion-button-text awb-button__text awb-button__text--default\">Download<\/span><\/a><\/div><\/p>\n<\/div><\/div><\/div><div class=\"fusion-panel panel-default fusion-faq-post fusion-faq-post-5454 wettkampf \"><span class=\"entry-title rich-snippet-hidden\">Wann ben\u00f6tige ich eine Schwimmer-Lizenz \/ Identifikation?<\/span><span class=\"vcard rich-snippet-hidden\"><span class=\"fn\"><a href=\"https:\/\/schwimmen-vfrsimmern.de\/index.php\/author\/michaelforster\/\" title=\"Beitr\u00e4ge von MichaelForster\" rel=\"author\">MichaelForster<\/a><\/span><\/span><span class=\"updated rich-snippet-hidden\">2024-07-07T17:44:42+02:00<\/span><div class=\"panel-heading\"><h4 id=\"faq_1-5454\" class=\"panel-title toggle\"><a data-toggle=\"collapse\" class=\"collapsed\" data-parent=\"#accordian-1\" data-target=\"#collapse-1-5454\" href=\"#collapse-1-5454\" aria-expanded=\"false\"><div class=\"fusion-toggle-icon-wrapper\"><div class=\"fusion-toggle-icon-wrapper-main\"><div class=\"fusion-toggle-icon-wrapper-sub\"><i class=\"fa-fusion-box active-icon awb-icon-minus\" aria-hidden=\"true\"><\/i><i class=\"fa-fusion-box inactive-icon awb-icon-plus\" aria-hidden=\"true\"><\/i><\/div><\/div><\/div><div class=\"fusion-toggle-heading\">Wann ben\u00f6tige ich eine Schwimmer-Lizenz \/ Identifikation?<\/div><\/a><\/h4><\/div><div id=\"collapse-1-5454\" aria-labelledby=\"faq_1-5454\" class=\"panel-collapse collapse\"><div class=\"panel-body toggle-content post-content\"><p>Damit man auf Wettk\u00e4mpfen starten darf, muss jeder aktive Schwimmer eine Schwimmer-ID beim Deutschen Schwimmverband (DSV) beantragen. Dies \u00fcbernimmt unser Sportlicher Leiter f\u00fcr Dich. F\u00fcr die Erstbeantragung stellen wir einmalig mit Aufnahme im Verein 25,00 EUR in Rechnung. Die Kosten f\u00fcr die Verl\u00e4ngerungen in den Folgejahren \u00fcbernimmt die Vereinskasse.<\/p>\n<p>Auf der Internetseite des DSVs kannst du deine Zeiten, die du auf Wettk\u00e4mpfen geschwommen bist, jederzeit einsehen. Login mit der Schwimmer-ID und Geburtsdatum. Wenn du Deine ID nicht kennst, einfach unseren Sportlichen Leiter fragen.<\/p>\n<\/div><\/div><\/div><\/div><\/div><\/div><\/div><\/div><\/div><\/div><\/div>\n","protected":false},"excerpt":{"rendered":"","protected":false},"author":1,"featured_media":0,"parent":0,"menu_order":0,"comment_status":"closed","ping_status":"closed","template":"","meta":{"_bbp_topic_count":0,"_bbp_reply_count":0,"_bbp_total_topic_count":0,"_bbp_total_reply_count":0,"_bbp_voice_count":0,"_bbp_anonymous_reply_count":0,"_bbp_topic_count_hidden":0,"_bbp_reply_count_hidden":0,"_bbp_forum_subforum_count":0,"footnotes":""},"class_list":["post-5644","page","type-page","status-publish","hentry"],"_links":{"self":[{"href":"https:\/\/schwimmen-vfrsimmern.de\/index.php\/wp-json\/wp\/v2\/pages\/5644","targetHints":{"allow":["GET"]}}],"collection":[{"href":"https:\/\/schwimmen-vfrsimmern.de\/index.php\/wp-json\/wp\/v2\/pages"}],"about":[{"href":"https:\/\/schwimmen-vfrsimmern.de\/index.php\/wp-json\/wp\/v2\/types\/page"}],"author":[{"embeddable":true,"href":"https:\/\/schwimmen-vfrsimmern.de\/index.php\/wp-json\/wp\/v2\/users\/1"}],"replies":[{"embeddable":true,"href":"https:\/\/schwimmen-vfrsimmern.de\/index.php\/wp-json\/wp\/v2\/comments?post=5644"}],"version-history":[{"count":15,"href":"https:\/\/schwimmen-vfrsimmern.de\/index.php\/wp-json\/wp\/v2\/pages\/5644\/revisions"}],"predecessor-version":[{"id":6124,"href":"https:\/\/schwimmen-vfrsimmern.de\/index.php\/wp-json\/wp\/v2\/pages\/5644\/revisions\/6124"}],"wp:attachment":[{"href":"https:\/\/schwimmen-vfrsimmern.de\/index.php\/wp-json\/wp\/v2\/media?parent=5644"}],"curies":[{"name":"wp","href":"https:\/\/api.w.org\/{rel}","templated":true}]}}