{"id":3361,"date":"2021-04-19T13:49:12","date_gmt":"2021-04-19T13:49:12","guid":{"rendered":"https:\/\/avadawebsites.wpengine.com\/classic\/?page_id=3361"},"modified":"2026-01-24T15:26:58","modified_gmt":"2026-01-24T14:26:58","slug":"vfr-simmern-schwimmen","status":"publish","type":"page","link":"https:\/\/schwimmen-vfrsimmern.de\/","title":{"rendered":"Home"},"content":{"rendered":"<p><div class=\"fusion-fullwidth fullwidth-box fusion-builder-row-1 fusion-flex-container fusion-parallax-none nonhundred-percent-fullwidth non-hundred-percent-height-scrolling\" style=\"--link_hover_color: var(--awb-color5);--link_color: var(--awb-color5);--awb-background-blend-mode:exclusion;--awb-border-color:var(--awb-color1);--awb-border-radius-top-left:0px;--awb-border-radius-top-right:0px;--awb-border-radius-bottom-right:0px;--awb-border-radius-bottom-left:0px;--awb-padding-top:259px;--awb-padding-bottom:0px;--awb-padding-top-small:70px;--awb-padding-right-small:40px;--awb-padding-bottom-small:70px;--awb-padding-left-small:40px;--awb-margin-top:0px;--awb-margin-bottom:0px;--awb-margin-bottom-medium:80px;--awb-margin-bottom-small:60px;--awb-background-color:var(--awb-color8);--awb-background-image:linear-gradient(152deg, var(--awb-color8) 0%,hsla(var(--awb-color8-h),var(--awb-color8-s),var(--awb-color8-l),calc( var(--awb-color8-a) - 85% )) 70%),url(https:\/\/schwimmen-vfrsimmern.de\/wp-content\/uploads\/2024\/05\/EP_Shooting_Schwimmer_28.07.2017_CF009466_blue.png);;--awb-background-image-small:linear-gradient(152deg, var(--awb-color8) 0%,hsla(var(--awb-color8-h),var(--awb-color8-s),var(--awb-color8-l),calc( var(--awb-color8-a) - 85% )) 70%),url(https:\/\/schwimmen-vfrsimmern.de\/wp-content\/uploads\/2024\/05\/EP_Shooting_Schwimmer_28.07.2017_CF009466_blue.png);;--awb-background-size:cover;--awb-flex-wrap:wrap;\" data-preload-img=\"https:\/\/schwimmen-vfrsimmern.de\/wp-content\/uploads\/2024\/05\/EP_Shooting_Schwimmer_28.07.2017_CF009466_blue.png\" ><div class=\"fusion-builder-row fusion-row fusion-flex-align-items-center fusion-flex-content-wrap\" style=\"max-width:1248px;margin-left: calc(-4% \/ 2 );margin-right: calc(-4% \/ 2 );\"><div class=\"fusion-layout-column fusion_builder_column fusion-builder-column-0 fusion_builder_column_1_1 1_1 fusion-flex-column fusion-animated\" style=\"--awb-padding-bottom-medium:0px;--awb-bg-size:cover;--awb-width-large:100%;--awb-margin-top-large:0px;--awb-spacing-right-large:1.92%;--awb-margin-bottom-large:85px;--awb-spacing-left-large:1.92%;--awb-width-medium:100%;--awb-order-medium:0;--awb-spacing-right-medium:1.92%;--awb-spacing-left-medium:1.92%;--awb-width-small:100%;--awb-order-small:0;--awb-spacing-right-small:1.92%;--awb-spacing-left-small:1.92%;\" data-animationType=\"fadeInUp\" data-animationDuration=\"1.3\" data-animationOffset=\"top-into-view\"><div class=\"fusion-column-wrapper fusion-column-has-shadow fusion-flex-justify-content-flex-start fusion-content-layout-column\"><\/div><\/div><div class=\"fusion-layout-column fusion_builder_column fusion-builder-column-1 fusion_builder_column_1_1 1_1 fusion-flex-column fusion-no-small-visibility\" style=\"--awb-padding-bottom-medium:0px;--awb-bg-size:cover;--awb-width-large:100%;--awb-margin-top-large:0px;--awb-spacing-right-large:1.92%;--awb-margin-bottom-large:0px;--awb-spacing-left-large:1.92%;--awb-width-medium:100%;--awb-order-medium:0;--awb-spacing-right-medium:1.92%;--awb-spacing-left-medium:1.92%;--awb-width-small:100%;--awb-order-small:0;--awb-spacing-right-small:1.92%;--awb-spacing-left-small:1.92%;\"><div class=\"fusion-column-wrapper fusion-column-has-shadow fusion-flex-justify-content-center fusion-content-layout-row\"><div class=\"fusion-section-separator section-separator big-half-circle fusion-section-separator-1\" style=\"--awb-spacer-height:60px;--awb-svg-margin-left:1.92%;--awb-svg-margin-right:1.92%;--awb-svg-margin-left-medium:1.92%;--awb-svg-margin-right-medium:1.92%;--awb-svg-margin-left-small:1.92%;--awb-svg-margin-right-small:1.92%;--awb-divider-height:60px;--awb-spacer-padding-top:inherit;--awb-sep-padding:0;--awb-svg-padding:0;\"><div class=\"fusion-section-separator-svg\"><svg class=\"fusion-big-half-circle-candy\" xmlns=\"http:\/\/www.w3.org\/2000\/svg\" version=\"1.1\" width=\"100%\" height=\"100\" viewBox=\"0 0 100 100\" preserveAspectRatio=\"none\" fill=\"rgba(255,255,255,1)\"><path d=\"M0 100 C40 0 60 0 100 100 Z\"><\/path><\/svg><\/div><div class=\"fusion-section-separator-spacer\"><div class=\"fusion-section-separator-spacer-height\"><\/div><\/div><\/div><\/div><\/div><\/div><\/div><div class=\"fusion-fullwidth fullwidth-box fusion-builder-row-2 fusion-flex-container nonhundred-percent-fullwidth non-hundred-percent-height-scrolling fusion-animated\" style=\"--awb-background-position:left top;--awb-border-sizes-top:0px;--awb-border-sizes-bottom:0px;--awb-border-sizes-left:0px;--awb-border-sizes-right:0px;--awb-border-radius-top-left:0px;--awb-border-radius-top-right:0px;--awb-border-radius-bottom-right:0px;--awb-border-radius-bottom-left:0px;--awb-margin-bottom:120px;--awb-margin-bottom-medium:80px;--awb-margin-bottom-small:60px;--awb-flex-wrap:wrap;\" data-animationType=\"fadeInUp\" data-animationDuration=\"1.3\" data-animationOffset=\"top-into-view\" ><div class=\"fusion-builder-row fusion-row fusion-flex-align-items-stretch fusion-flex-justify-content-center fusion-flex-content-wrap\" style=\"max-width:1248px;margin-left: calc(-4% \/ 2 );margin-right: calc(-4% \/ 2 );\"><div class=\"fusion-layout-column fusion_builder_column fusion-builder-column-2 fusion_builder_column_2_3 2_3 fusion-flex-column fusion-flex-align-self-flex-start fusion-column-no-min-height\" style=\"--awb-bg-blend:overlay;--awb-bg-size:cover;--awb-width-large:66.666666666667%;--awb-margin-top-large:0px;--awb-spacing-right-large:2.88%;--awb-margin-bottom-large:40px;--awb-spacing-left-large:2.88%;--awb-width-medium:80%;--awb-spacing-right-medium:2.4%;--awb-spacing-left-medium:2.4%;--awb-width-small:100%;--awb-spacing-right-small:1.92%;--awb-spacing-left-small:1.92%;\"><div class=\"fusion-column-wrapper fusion-flex-justify-content-flex-start fusion-content-layout-column\"><div class=\"fusion-title title fusion-title-1 fusion-sep-none fusion-title-center fusion-title-text fusion-title-size-two\" style=\"--awb-margin-top-small:10px;--awb-margin-right-small:0px;--awb-margin-bottom-small:10px;--awb-margin-left-small:0px;\"><h2 class=\"fusion-title-heading title-heading-center\" style=\"margin:0;\">VfR Simmern Schwimmen<\/h2><\/div><div class=\"fusion-text fusion-text-1 fusion-text-no-margin\" style=\"--awb-content-alignment:center;--awb-margin-bottom:0px;\"><p>Willkommen auf der Seite der Schwimmabteilung!<\/p>\n<\/div><div class=\"fusion-separator fusion-full-width-sep\" style=\"align-self: center;margin-left: auto;margin-right: auto;margin-top:15px;width:100%;\"><\/div><\/div><\/div><div class=\"fusion-layout-column fusion_builder_column fusion-builder-column-3 fusion_builder_column_1_1 1_1 fusion-flex-column fusion-animated\" style=\"--awb-bg-size:cover;--awb-width-large:100%;--awb-margin-top-large:0px;--awb-spacing-right-large:1.92%;--awb-margin-bottom-large:50px;--awb-spacing-left-large:1.92%;--awb-width-medium:100%;--awb-order-medium:0;--awb-spacing-right-medium:1.92%;--awb-spacing-left-medium:1.92%;--awb-width-small:100%;--awb-order-small:0;--awb-spacing-right-small:1.92%;--awb-margin-bottom-small:50px;--awb-spacing-left-small:1.92%;\" data-animationType=\"fadeIn\" data-animationDuration=\"0.3\" data-animationOffset=\"top-into-view\"><div class=\"fusion-column-wrapper fusion-column-has-shadow fusion-flex-justify-content-space-between fusion-content-layout-row fusion-flex-align-items-center\"><div class=\"fusion-title title fusion-title-2 fusion-sep-none fusion-title-text fusion-title-size-three\" style=\"--awb-margin-bottom:0px;--awb-margin-top-small:10px;--awb-margin-right-small:0px;--awb-margin-bottom-small:10px;--awb-margin-left-small:0px;\"><h3 class=\"fusion-title-heading title-heading-left\" style=\"margin:0;\">News<\/h3><\/div><div class=\"fusion-title title fusion-title-3 fusion-sep-none fusion-title-text fusion-title-size-three\" style=\"--awb-margin-bottom:0px;--awb-margin-top-small:10px;--awb-margin-right-small:0px;--awb-margin-bottom-small:10px;--awb-margin-left-small:0px;\"><h3 class=\"fusion-title-heading title-heading-left\" style=\"margin:0;\"><\/h3><\/div><div ><a class=\"fusion-button button-flat fusion-button-default-size button-custom fusion-button-default button-1 fusion-button-default-span fusion-button-default-type\" style=\"--button_accent_color:var(--awb-color4);--button_border_color:var(--awb-color4);--button_accent_hover_color:var(--awb-color1);--button_border_hover_color:var(--awb-color1);--button_gradient_top_color:rgba(101,188,123,0);--button_gradient_bottom_color:rgba(101,188,123,0);--button_gradient_top_color_hover:hsla(var(--awb-color5-h),calc(var(--awb-color5-s) - 5%),calc(var(--awb-color5-l) - 10%),var(--awb-color5-a));--button_gradient_bottom_color_hover:hsla(var(--awb-color5-h),calc(var(--awb-color5-s) - 5%),calc(var(--awb-color5-l) - 10%),var(--awb-color5-a));\" target=\"_self\" href=\"https:\/\/schwimmen-vfrsimmern.de\/index.php\/news\/\"><span class=\"fusion-button-text awb-button__text awb-button__text--default\">Zeige alle Beitr\u00e4ge<\/span><i class=\"classic-angle-right-solid awb-button__icon awb-button__icon--default button-icon-right\" aria-hidden=\"true\"><\/i><\/a><\/div><\/div><\/div><div class=\"fusion-layout-column fusion_builder_column fusion-builder-column-4 fusion_builder_column_1_1 1_1 fusion-flex-column\" style=\"--awb-bg-blend:overlay;--awb-bg-size:cover;--awb-width-large:100%;--awb-margin-top-large:0px;--awb-spacing-right-large:1.92%;--awb-margin-bottom-large:60px;--awb-spacing-left-large:1.92%;--awb-width-medium:100%;--awb-order-medium:0;--awb-spacing-right-medium:1.92%;--awb-spacing-left-medium:1.92%;--awb-width-small:100%;--awb-order-small:0;--awb-spacing-right-small:1.92%;--awb-spacing-left-small:1.92%;\"><div class=\"fusion-column-wrapper fusion-column-has-shadow fusion-flex-justify-content-flex-start fusion-content-layout-column\"><div class=\"fusion-separator fusion-full-width-sep\" style=\"align-self: center;margin-left: auto;margin-right: auto;margin-top:0px;margin-bottom:0px;width:100%;\"><div class=\"fusion-separator-border sep-single sep-solid\" style=\"--awb-height:20px;--awb-amount:20px;border-color:var(--awb-color3);border-top-width:2px;\"><\/div><\/div><div class=\"fusion-recent-posts fusion-recent-posts-1 avada-container layout-thumbnails-on-side layout-columns-2\"><section class=\"fusion-columns columns fusion-columns-2 columns-2\"><article class=\"post fusion-column column col col-lg-6 col-md-6 col-sm-6\"><div class=\"recent-posts-content\"><span class=\"vcard\" style=\"display: none;\"><span class=\"fn\"><a href=\"https:\/\/schwimmen-vfrsimmern.de\/index.php\/author\/caro-bohn\/\" title=\"Beitr\u00e4ge von Caro Bohn\" rel=\"author\">Caro Bohn<\/a><\/span><\/span><span class=\"updated\" style=\"display:none;\">2026-03-27T05:59:07+01:00<\/span><h3 class=\"entry-title\"><a href=\"https:\/\/schwimmen-vfrsimmern.de\/index.php\/2026\/03\/27\/rheinland-pfalz-meisterschaften-marlon-bohn-ergattert-7-medaillen\/\">Rheinland-Pfalz-Meisterschaften &#8211; Marlon Bohn ergattert 7 Medaillen<\/a><\/h3><p class=\"meta\"><span class=\"vcard\" style=\"display: none;\"><span class=\"fn\"><a href=\"https:\/\/schwimmen-vfrsimmern.de\/index.php\/author\/caro-bohn\/\" title=\"Beitr\u00e4ge von Caro Bohn\" rel=\"author\">Caro Bohn<\/a><\/span><\/span><span class=\"updated\" style=\"display:none;\">2026-03-27T05:59:07+01:00<\/span><span>27. M\u00e4rz 2026<\/span><span class=\"fusion-inline-sep\">|<\/span><\/p><p> Bei den Rheinland-Pfalz-Meisterschaften am 21. und 22. M\u00e4rz in Saarbr\u00fccken sind wir mit neun qualifizierten Athleten an den Start gegangen und haben uns erfolgreich der landesweiten Konkurrenz gestellt.Besonders stark pr\u00e4sentierte sich Marlon Bohn, der bei sieben Starts sieben Medaillen gewann \u2013 darunter drei Landesmeistertitel in seiner Altersklasse \u00fcber 50 m Freistil, 100 m Schmetterling und 200 m Lagen. Auch Maria Schwab \u00fcberzeugte mit einem vierten Platz im Mehrkampf Freistil und verpasste das Podest nur knapp.In der Masters-Kategorie war unser Trainer Michael Lyczkowski erfolgreich: Er belegte Platz eins \u00fcber 200 m Brust sowie Platz zwei und drei \u00fcber 50 m und 100 m Brust.\u201eInsgesamt sind wir sehr zufrieden mit unseren Leistungen [...]<\/p><\/div><\/article><article class=\"post fusion-column column col col-lg-6 col-md-6 col-sm-6\"><div class=\"recent-posts-content\"><span class=\"vcard\" style=\"display: none;\"><span class=\"fn\"><a href=\"https:\/\/schwimmen-vfrsimmern.de\/index.php\/author\/caro-bohn\/\" title=\"Beitr\u00e4ge von Caro Bohn\" rel=\"author\">Caro Bohn<\/a><\/span><\/span><span class=\"updated\" style=\"display:none;\">2026-03-27T05:51:36+01:00<\/span><h3 class=\"entry-title\"><a href=\"https:\/\/schwimmen-vfrsimmern.de\/index.php\/2026\/03\/27\/nachwuchsschwimmfest-in-koblenz\/\">Nachwuchsschwimmfest in Koblenz<\/a><\/h3><p class=\"meta\"><span class=\"vcard\" style=\"display: none;\"><span class=\"fn\"><a href=\"https:\/\/schwimmen-vfrsimmern.de\/index.php\/author\/caro-bohn\/\" title=\"Beitr\u00e4ge von Caro Bohn\" rel=\"author\">Caro Bohn<\/a><\/span><\/span><span class=\"updated\" style=\"display:none;\">2026-03-27T05:51:36+01:00<\/span><span>27. M\u00e4rz 2026<\/span><span class=\"fusion-inline-sep\">|<\/span><\/p><p>Am 15.03.26 haben unsere Nachwuchsschwimmer in Koblenz ihr K\u00f6nnen unter Beweis gestellt. Erfolgreichster Athlet war David Reuter mit vier Goldmedaillen. Auch Maximilian Sch\u00e4fer und Maria Schwab \u00fcberzeugten mit starken zweiten Pl\u00e4tzen. Elias Donsbach, Matteo M\u00fcller, Ida Becker und Jasmina Botin rundeten das gute Mannschaftsergebnis mit weiteren starken Leistungen ab. Herzlichen Gl\u00fcckwunsch!<\/p><\/div><\/article><article class=\"post fusion-column column col col-lg-6 col-md-6 col-sm-6\"><div class=\"recent-posts-content\"><span class=\"vcard\" style=\"display: none;\"><span class=\"fn\"><a href=\"https:\/\/schwimmen-vfrsimmern.de\/index.php\/author\/caro-bohn\/\" title=\"Beitr\u00e4ge von Caro Bohn\" rel=\"author\">Caro Bohn<\/a><\/span><\/span><span class=\"updated\" style=\"display:none;\">2026-03-13T15:14:09+01:00<\/span><h3 class=\"entry-title\"><a href=\"https:\/\/schwimmen-vfrsimmern.de\/index.php\/2026\/03\/13\/goldhagel-bei-den-bezirksmeisterschaften-in-idar-oberstein\/\">Goldhagel bei den Bezirksmeisterschaften in Idar-Oberstein<\/a><\/h3><p class=\"meta\"><span class=\"vcard\" style=\"display: none;\"><span class=\"fn\"><a href=\"https:\/\/schwimmen-vfrsimmern.de\/index.php\/author\/caro-bohn\/\" title=\"Beitr\u00e4ge von Caro Bohn\" rel=\"author\">Caro Bohn<\/a><\/span><\/span><span class=\"updated\" style=\"display:none;\">2026-03-13T15:14:09+01:00<\/span><span>13. M\u00e4rz 2026<\/span><span class=\"fusion-inline-sep\">|<\/span><\/p><p> Am letzten Wochenende hatte der TV 1848 Oberstein als Ausrichter zu den Bezirksmeisterschaften des Schwimmverbandes Rheinland Nahe geladen. Unsere Schwimmer demonstrierten unsere Vormachtstellung im Bezirk mit 123 Treppchen-Platzierungen, wobei in Summe allein 76 Gold Medaillen resultierten. Abgesehen vom Medaillenspiegel, den wir klar f\u00fcr uns entschieden, wurden fast 90 pers\u00f6nliche Rekorde erschwommen. Abgesehen von den starken Einzelleistungen unserer Schwimmer kr\u00f6nte sich sowohl die I. Mannschaft der Damen mit Lina M\u00fcller, Leyna Weber, Becker Ida und Marit-Henrike Trapp und die I. Herrenmannschaft mit David Reuther, Maxi Sch\u00e4fer, Fynn-Lasse Baumg\u00e4rtner und Marlon Bohn zum Bezirksmeister \u00fcber die 4x100 Freistil Staffel. Herzlichen Gl\u00fcckwunsch!      <\/p><\/div><\/article><article class=\"post fusion-column column col col-lg-6 col-md-6 col-sm-6\"><div class=\"fusion-flexslider fusion-flexslider-loading flexslider floated-slideshow flexslider-hover-type-none\"><ul class=\"slides\"><li><a href=\"https:\/\/schwimmen-vfrsimmern.de\/index.php\/2026\/02\/26\/neue-rekorde-bei-dms-und-plub-cup\/\" aria-label=\"Neue Rekorde bei DMS und PLUB-Cup\" class=\"hover-type-none\"><img decoding=\"async\" width=\"1\" height=\"1\" src=\"https:\/\/schwimmen-vfrsimmern.de\/wp-content\/uploads\/2026\/02\/IMG_0018.heic\" class=\"attachment-fusion-200 size-fusion-200\" alt=\"\" \/><\/a><\/li><li><a href=\"https:\/\/schwimmen-vfrsimmern.de\/index.php\/2026\/02\/26\/neue-rekorde-bei-dms-und-plub-cup\/\" aria-label=\"Neue Rekorde bei DMS und PLUB-Cup\" class=\"hover-type-none\"><img decoding=\"async\" width=\"1\" height=\"1\" src=\"https:\/\/schwimmen-vfrsimmern.de\/wp-content\/uploads\/2026\/02\/IMG_0021.heic\" class=\"attachment-fusion-200 size-fusion-200\" alt=\"\" \/><\/a><\/li><li><a href=\"https:\/\/schwimmen-vfrsimmern.de\/index.php\/2026\/02\/26\/neue-rekorde-bei-dms-und-plub-cup\/\" aria-label=\"Neue Rekorde bei DMS und PLUB-Cup\" class=\"hover-type-none\"><img decoding=\"async\" width=\"1\" height=\"1\" src=\"https:\/\/schwimmen-vfrsimmern.de\/wp-content\/uploads\/2026\/02\/IMG_0044.heic\" class=\"attachment-fusion-200 size-fusion-200\" alt=\"\" \/><\/a><\/li><\/ul><\/div><div class=\"recent-posts-content\"><span class=\"vcard\" style=\"display: none;\"><span class=\"fn\"><a href=\"https:\/\/schwimmen-vfrsimmern.de\/index.php\/author\/caro-bohn\/\" title=\"Beitr\u00e4ge von Caro Bohn\" rel=\"author\">Caro Bohn<\/a><\/span><\/span><span class=\"updated\" style=\"display:none;\">2026-02-26T08:22:24+01:00<\/span><h3 class=\"entry-title\"><a href=\"https:\/\/schwimmen-vfrsimmern.de\/index.php\/2026\/02\/26\/neue-rekorde-bei-dms-und-plub-cup\/\">Neue Rekorde bei DMS und PLUB-Cup<\/a><\/h3><p class=\"meta\"><span class=\"vcard\" style=\"display: none;\"><span class=\"fn\"><a href=\"https:\/\/schwimmen-vfrsimmern.de\/index.php\/author\/caro-bohn\/\" title=\"Beitr\u00e4ge von Caro Bohn\" rel=\"author\">Caro Bohn<\/a><\/span><\/span><span class=\"updated\" style=\"display:none;\">2026-02-26T08:22:24+01:00<\/span><span>26. Februar 2026<\/span><span class=\"fusion-inline-sep\">|<\/span><\/p><p> Bei den Deutschen Mannschaftsmeisterschaften (DMS) auf Verbandsebene am 21.02.26 im Hunsr\u00fcckbad Simmern k\u00e4mpften wir gemeinsam mit der SG Rhein-Mosel, dem TV 08 Baumbach und dem SFC Nahetal um den m\u00f6glichen Aufstieg in die Landesliga. Unsere Damen belegten Platz leider nur Platz zwei und f\u00fcnf, die Herren Platz drei. Laura Simon stellte \u00fcber 50 m Schmetterling (32,54 Sek.) einen neuen Vereinsrekord auf. Beim PLUB-Cup in Pirmasens am n\u00e4chsten Tag legten Maria Schwab und Moritz Bohn nach: Beide stellten Vereinsrekorde f\u00fcr die 25 m Delfin-Beine auf, was ihnen nat\u00fcrlich auch eine Goldmedaille einbrachte, ebenso wie Lisa Sz\u00fccs f\u00fcr 50 m Kraul-Beine. Silber holten Marit-Henrike Trapp und Marlon Bohn. (100m R\u00fccken), David Reuter [...]<\/p><\/div><\/article><article class=\"post fusion-column column col col-lg-6 col-md-6 col-sm-6\"><div class=\"fusion-flexslider fusion-flexslider-loading flexslider floated-slideshow flexslider-hover-type-none\"><ul class=\"slides\"><li><a href=\"https:\/\/schwimmen-vfrsimmern.de\/index.php\/2026\/01\/26\/jahresabschlussfeier-3\/\" aria-label=\"Jahresabschlussfeier\" class=\"hover-type-none\"><img decoding=\"async\" width=\"1\" height=\"1\" src=\"https:\/\/schwimmen-vfrsimmern.de\/wp-content\/uploads\/2026\/01\/IMG_4652.heic\" class=\"attachment-fusion-200 size-fusion-200\" alt=\"\" \/><\/a><\/li><li><a href=\"https:\/\/schwimmen-vfrsimmern.de\/index.php\/2026\/01\/26\/jahresabschlussfeier-3\/\" aria-label=\"Jahresabschlussfeier\" class=\"hover-type-none\"><img decoding=\"async\" width=\"1\" height=\"1\" src=\"https:\/\/schwimmen-vfrsimmern.de\/wp-content\/uploads\/2026\/01\/IMG_4628.heic\" class=\"attachment-fusion-200 size-fusion-200\" alt=\"\" \/><\/a><\/li><li><a href=\"https:\/\/schwimmen-vfrsimmern.de\/index.php\/2026\/01\/26\/jahresabschlussfeier-3\/\" aria-label=\"Jahresabschlussfeier\" class=\"hover-type-none\"><img decoding=\"async\" width=\"200\" height=\"267\" src=\"https:\/\/schwimmen-vfrsimmern.de\/wp-content\/uploads\/2026\/01\/IMG_4625-1-200x267.jpg\" class=\"attachment-fusion-200 size-fusion-200\" alt=\"\" srcset=\"https:\/\/schwimmen-vfrsimmern.de\/wp-content\/uploads\/2026\/01\/IMG_4625-1-200x267.jpg 200w, https:\/\/schwimmen-vfrsimmern.de\/wp-content\/uploads\/2026\/01\/IMG_4625-1-225x300.jpg 225w, https:\/\/schwimmen-vfrsimmern.de\/wp-content\/uploads\/2026\/01\/IMG_4625-1-400x533.jpg 400w, https:\/\/schwimmen-vfrsimmern.de\/wp-content\/uploads\/2026\/01\/IMG_4625-1-500x667.jpg 500w, https:\/\/schwimmen-vfrsimmern.de\/wp-content\/uploads\/2026\/01\/IMG_4625-1-600x800.jpg 600w, https:\/\/schwimmen-vfrsimmern.de\/wp-content\/uploads\/2026\/01\/IMG_4625-1-700x933.jpg 700w, https:\/\/schwimmen-vfrsimmern.de\/wp-content\/uploads\/2026\/01\/IMG_4625-1-768x1024.jpg 768w, https:\/\/schwimmen-vfrsimmern.de\/wp-content\/uploads\/2026\/01\/IMG_4625-1-800x1067.jpg 800w, https:\/\/schwimmen-vfrsimmern.de\/wp-content\/uploads\/2026\/01\/IMG_4625-1-1152x1536.jpg 1152w, https:\/\/schwimmen-vfrsimmern.de\/wp-content\/uploads\/2026\/01\/IMG_4625-1-1200x1600.jpg 1200w, https:\/\/schwimmen-vfrsimmern.de\/wp-content\/uploads\/2026\/01\/IMG_4625-1-1536x2048.jpg 1536w, https:\/\/schwimmen-vfrsimmern.de\/wp-content\/uploads\/2026\/01\/IMG_4625-1-scaled.jpg 1920w\" sizes=\"(max-width: 200px) 100vw, 200px\" \/><\/a><\/li><\/ul><\/div><div class=\"recent-posts-content\"><span class=\"vcard\" style=\"display: none;\"><span class=\"fn\"><a href=\"https:\/\/schwimmen-vfrsimmern.de\/index.php\/author\/caro-bohn\/\" title=\"Beitr\u00e4ge von Caro Bohn\" rel=\"author\">Caro Bohn<\/a><\/span><\/span><span class=\"updated\" style=\"display:none;\">2026-01-26T14:29:55+01:00<\/span><h3 class=\"entry-title\"><a href=\"https:\/\/schwimmen-vfrsimmern.de\/index.php\/2026\/01\/26\/jahresabschlussfeier-3\/\">Jahresabschlussfeier<\/a><\/h3><p class=\"meta\"><span class=\"vcard\" style=\"display: none;\"><span class=\"fn\"><a href=\"https:\/\/schwimmen-vfrsimmern.de\/index.php\/author\/caro-bohn\/\" title=\"Beitr\u00e4ge von Caro Bohn\" rel=\"author\">Caro Bohn<\/a><\/span><\/span><span class=\"updated\" style=\"display:none;\">2026-01-26T14:29:55+01:00<\/span><span>26. Januar 2026<\/span><span class=\"fusion-inline-sep\">|<\/span><\/p><p> \u00dcber 100 G\u00e4ste erlebten bei unserer diesj\u00e4hrigen Jahresabschlussfeier einen abwechslungsreichen Abend, der von Abteilungsleiterin Anja Huhn moderiert wurde. Es erfolgte ein R\u00fcckblick auf sportliche Erfolge und gemeinsame Aktivit\u00e4ten wie Grillfest, Wanderung und Fahrradtour.H\u00f6hepunkt war die Auszeichnung der Schwimmerinnen und Schwimmer des Jahres. In der Nachwuchsklasse (2016 und j\u00fcnger) siegten Lotta Dillmann und Eric Schwab, gefolgt von Elisa Botic und Erik Schneider, sowie Elisabeth Stratenhoff und Theo Peter. Bei den Jahrg\u00e4ngen 2015 und \u00e4lter siegten Marit-Henrike Trapp und Marlon Bohn, Zweitplatzierte wurden Jasmina Botic und Moritz Bohn, sowie Leni Sch\u00e4fer und Fynn-Lasse Baumg\u00e4rtner.Mit einem lustigen Fotor\u00fcckblick unserer Schwimmersprecher und einem gem\u00fctlichen Beisammensein bei Essen und Getr\u00e4nken klang der Abend aus.  [...]<\/p><\/div><\/article><article class=\"post fusion-column column col col-lg-6 col-md-6 col-sm-6\"><div class=\"recent-posts-content\"><span class=\"vcard\" style=\"display: none;\"><span class=\"fn\"><a href=\"https:\/\/schwimmen-vfrsimmern.de\/index.php\/author\/anja-huhn\/\" title=\"Beitr\u00e4ge von Anja Huhn\" rel=\"author\">Anja Huhn<\/a><\/span><\/span><span class=\"updated\" style=\"display:none;\">2025-12-31T14:40:48+01:00<\/span><h3 class=\"entry-title\"><a href=\"https:\/\/schwimmen-vfrsimmern.de\/index.php\/2025\/12\/31\/trainingsbeginn-2026\/\">Trainingsbeginn 2026<\/a><\/h3><p class=\"meta\"><span class=\"vcard\" style=\"display: none;\"><span class=\"fn\"><a href=\"https:\/\/schwimmen-vfrsimmern.de\/index.php\/author\/anja-huhn\/\" title=\"Beitr\u00e4ge von Anja Huhn\" rel=\"author\">Anja Huhn<\/a><\/span><\/span><span class=\"updated\" style=\"display:none;\">2025-12-31T14:40:48+01:00<\/span><span>31. Dezember 2025<\/span><span class=\"fusion-inline-sep\">|<\/span><\/p><p>Unser Training startet am Montag, 05. Januar 2026 zu den gewohnten Trainingszeiten. Wir w\u00fcnschen Euch einen guten Start ins neue Jahr! Eure Abteilungsleitung<\/p><\/div><\/article><\/section><div class=\"pagination clearfix\"><span class=\"current\">1<\/span><a href=\"https:\/\/schwimmen-vfrsimmern.de\/index.php\/wp-json\/wp\/v2\/pages\/3361\/page\/2\/\" class=\"inactive\">2<\/a><a class=\"pagination-next\" rel=\"next\" href=\"https:\/\/schwimmen-vfrsimmern.de\/index.php\/wp-json\/wp\/v2\/pages\/3361\/page\/2\/\"><span class=\"page-text\">Vor<\/span><span class=\"page-next\"><\/span><\/a><\/div><div class=\"fusion-clearfix\"><\/div><\/div><div class=\"fusion-separator fusion-full-width-sep\" style=\"align-self: center;margin-left: auto;margin-right: auto;width:100%;\"><div class=\"fusion-separator-border sep-double\" style=\"--awb-height:20px;--awb-amount:20px;border-color:var(--awb-color3);border-top-width:1px;border-bottom-width:1px;\"><\/div><\/div><\/div><\/div><div class=\"fusion-layout-column fusion_builder_column fusion-builder-column-5 fusion_builder_column_1_1 1_1 fusion-flex-column fusion-animated\" style=\"--awb-bg-size:cover;--awb-width-large:100%;--awb-margin-top-large:0px;--awb-spacing-right-large:1.92%;--awb-margin-bottom-large:50px;--awb-spacing-left-large:1.92%;--awb-width-medium:100%;--awb-order-medium:0;--awb-spacing-right-medium:1.92%;--awb-spacing-left-medium:1.92%;--awb-width-small:100%;--awb-order-small:0;--awb-spacing-right-small:1.92%;--awb-margin-bottom-small:50px;--awb-spacing-left-small:1.92%;\" data-animationType=\"fadeIn\" data-animationDuration=\"0.3\" data-animationOffset=\"top-into-view\"><div class=\"fusion-column-wrapper fusion-column-has-shadow fusion-flex-justify-content-space-between fusion-content-layout-row fusion-flex-align-items-center\"><div class=\"fusion-title title fusion-title-4 fusion-sep-none fusion-title-text fusion-title-size-three\" style=\"--awb-margin-bottom:0px;--awb-margin-top-small:10px;--awb-margin-right-small:0px;--awb-margin-bottom-small:10px;--awb-margin-left-small:0px;\"><h3 class=\"fusion-title-heading title-heading-left\" style=\"margin:0;\">Sponsoren<\/h3><\/div><div class=\"fusion-image-carousel fusion-image-carousel-auto fusion-image-carousel-1\"><div class=\"awb-carousel awb-swiper awb-swiper-carousel awb-carousel--carousel awb-swiper-dots-position-bottom\" data-layout=\"carousel\" data-autoplay=\"yes\" data-autoplayspeed=\"2500\" data-autoplaypause=\"no\" data-loop=\"yes\" data-columns=\"1.0\" data-columnsmedium=\"1\" data-columnssmall=\"1\" data-itemmargin=\"0\" data-itemwidth=\"180\" data-touchscroll=\"no\" data-freemode=\"no\" data-imagesize=\"auto\" data-scrollitems=\"0\" data-centeredslides=\"no\" data-rotationangle=\"50\" data-depth=\"100\" data-speed=\"500\" data-shadow=\"no\" data-pagination=\"bullets\" style=\"--awb-columns:1.0;--awb-column-spacing:0px;--awb-dots-align:center;\"><div class=\"swiper-wrapper awb-image-carousel-wrapper fusion-flex-align-items-center\"><div class=\"swiper-slide\"><div class=\"fusion-carousel-item-wrapper\"><div class=\"fusion-image-wrapper hover-type-none\"><img decoding=\"async\" width=\"942\" height=\"201\" src=\"https:\/\/schwimmen-vfrsimmern.de\/wp-content\/uploads\/2026\/01\/Schriftzug.jpg\" class=\"attachment-full size-full\" alt=\"\" srcset=\"https:\/\/schwimmen-vfrsimmern.de\/wp-content\/uploads\/2026\/01\/Schriftzug-200x43.jpg 200w, https:\/\/schwimmen-vfrsimmern.de\/wp-content\/uploads\/2026\/01\/Schriftzug-300x64.jpg 300w, https:\/\/schwimmen-vfrsimmern.de\/wp-content\/uploads\/2026\/01\/Schriftzug-400x85.jpg 400w, https:\/\/schwimmen-vfrsimmern.de\/wp-content\/uploads\/2026\/01\/Schriftzug-500x107.jpg 500w, https:\/\/schwimmen-vfrsimmern.de\/wp-content\/uploads\/2026\/01\/Schriftzug-600x128.jpg 600w, https:\/\/schwimmen-vfrsimmern.de\/wp-content\/uploads\/2026\/01\/Schriftzug-700x149.jpg 700w, https:\/\/schwimmen-vfrsimmern.de\/wp-content\/uploads\/2026\/01\/Schriftzug-768x164.jpg 768w, https:\/\/schwimmen-vfrsimmern.de\/wp-content\/uploads\/2026\/01\/Schriftzug-800x171.jpg 800w, https:\/\/schwimmen-vfrsimmern.de\/wp-content\/uploads\/2026\/01\/Schriftzug-940x201.jpg 940w, https:\/\/schwimmen-vfrsimmern.de\/wp-content\/uploads\/2026\/01\/Schriftzug.jpg 942w\" sizes=\"(max-width: 942px) 100vw, 942px\" \/><\/div><\/div><\/div><div class=\"swiper-slide\"><div class=\"fusion-carousel-item-wrapper\"><div class=\"fusion-image-wrapper hover-type-none\"><img decoding=\"async\" width=\"960\" height=\"720\" src=\"https:\/\/schwimmen-vfrsimmern.de\/wp-content\/uploads\/2025\/08\/DK-FunkartellBanner.jpg.jpeg\" class=\"attachment-full size-full\" alt=\"\" srcset=\"https:\/\/schwimmen-vfrsimmern.de\/wp-content\/uploads\/2025\/08\/DK-FunkartellBanner.jpg-200x150.jpeg 200w, https:\/\/schwimmen-vfrsimmern.de\/wp-content\/uploads\/2025\/08\/DK-FunkartellBanner.jpg-300x225.jpeg 300w, https:\/\/schwimmen-vfrsimmern.de\/wp-content\/uploads\/2025\/08\/DK-FunkartellBanner.jpg-400x300.jpeg 400w, https:\/\/schwimmen-vfrsimmern.de\/wp-content\/uploads\/2025\/08\/DK-FunkartellBanner.jpg-600x450.jpeg 600w, https:\/\/schwimmen-vfrsimmern.de\/wp-content\/uploads\/2025\/08\/DK-FunkartellBanner.jpg-768x576.jpeg 768w, https:\/\/schwimmen-vfrsimmern.de\/wp-content\/uploads\/2025\/08\/DK-FunkartellBanner.jpg-800x600.jpeg 800w, https:\/\/schwimmen-vfrsimmern.de\/wp-content\/uploads\/2025\/08\/DK-FunkartellBanner.jpg.jpeg 960w\" sizes=\"(max-width: 960px) 100vw, 960px\" \/><\/div><\/div><\/div><div class=\"swiper-slide\"><div class=\"fusion-carousel-item-wrapper\"><div class=\"fusion-image-wrapper hover-type-none\"><img decoding=\"async\" width=\"448\" height=\"219\" src=\"https:\/\/schwimmen-vfrsimmern.de\/wp-content\/uploads\/2025\/08\/kskneu.jpg\" class=\"attachment-full size-full\" alt=\"\" srcset=\"https:\/\/schwimmen-vfrsimmern.de\/wp-content\/uploads\/2025\/08\/kskneu-200x98.jpg 200w, https:\/\/schwimmen-vfrsimmern.de\/wp-content\/uploads\/2025\/08\/kskneu-300x147.jpg 300w, https:\/\/schwimmen-vfrsimmern.de\/wp-content\/uploads\/2025\/08\/kskneu-400x196.jpg 400w, https:\/\/schwimmen-vfrsimmern.de\/wp-content\/uploads\/2025\/08\/kskneu.jpg 448w\" sizes=\"(max-width: 448px) 100vw, 448px\" \/><\/div><\/div><\/div><div class=\"swiper-slide\"><div class=\"fusion-carousel-item-wrapper\"><div class=\"fusion-image-wrapper hover-type-none\"><img decoding=\"async\" width=\"640\" height=\"454\" src=\"https:\/\/schwimmen-vfrsimmern.de\/wp-content\/uploads\/2025\/08\/Jung-Logo.jpg\" class=\"attachment-full size-full\" alt=\"\" srcset=\"https:\/\/schwimmen-vfrsimmern.de\/wp-content\/uploads\/2025\/08\/Jung-Logo-200x142.jpg 200w, https:\/\/schwimmen-vfrsimmern.de\/wp-content\/uploads\/2025\/08\/Jung-Logo-300x214.jpg 300w, https:\/\/schwimmen-vfrsimmern.de\/wp-content\/uploads\/2025\/08\/Jung-Logo-400x284.jpg 400w, https:\/\/schwimmen-vfrsimmern.de\/wp-content\/uploads\/2025\/08\/Jung-Logo-600x426.jpg 600w, https:\/\/schwimmen-vfrsimmern.de\/wp-content\/uploads\/2025\/08\/Jung-Logo.jpg 640w\" sizes=\"(max-width: 640px) 100vw, 640px\" \/><\/div><\/div><\/div><div class=\"swiper-slide\"><div class=\"fusion-carousel-item-wrapper\"><div class=\"fusion-image-wrapper hover-type-none\"><img decoding=\"async\" width=\"448\" height=\"218\" src=\"https:\/\/schwimmen-vfrsimmern.de\/wp-content\/uploads\/2025\/08\/Logo-Simon-Physiotherapieneu.jpg\" class=\"attachment-full size-full\" alt=\"\" srcset=\"https:\/\/schwimmen-vfrsimmern.de\/wp-content\/uploads\/2025\/08\/Logo-Simon-Physiotherapieneu-200x97.jpg 200w, https:\/\/schwimmen-vfrsimmern.de\/wp-content\/uploads\/2025\/08\/Logo-Simon-Physiotherapieneu-300x146.jpg 300w, https:\/\/schwimmen-vfrsimmern.de\/wp-content\/uploads\/2025\/08\/Logo-Simon-Physiotherapieneu-400x195.jpg 400w, https:\/\/schwimmen-vfrsimmern.de\/wp-content\/uploads\/2025\/08\/Logo-Simon-Physiotherapieneu.jpg 448w\" sizes=\"(max-width: 448px) 100vw, 448px\" \/><\/div><\/div><\/div><\/div><div class=\"awb-swiper-button awb-swiper-button-prev\"><i class=\"awb-icon-angle-left\" aria-hidden=\"true\"><\/i><\/div><div class=\"awb-swiper-button awb-swiper-button-next\"><i class=\"awb-icon-angle-right\" aria-hidden=\"true\"><\/i><\/div><\/div><\/div><div class=\"fusion-title title fusion-title-5 fusion-sep-none fusion-title-text fusion-title-size-three\" style=\"--awb-margin-bottom:0px;--awb-margin-top-small:10px;--awb-margin-right-small:0px;--awb-margin-bottom-small:10px;--awb-margin-left-small:0px;\"><h3 class=\"fusion-title-heading title-heading-left\" style=\"margin:0;\"><\/h3><\/div><div ><a class=\"fusion-button button-flat fusion-button-default-size button-custom fusion-button-default button-2 fusion-button-default-span fusion-button-default-type\" style=\"--button_accent_color:var(--awb-color4);--button_border_color:var(--awb-color4);--button_accent_hover_color:var(--awb-color1);--button_border_hover_color:var(--awb-color1);--button_gradient_top_color:rgba(101,188,123,0);--button_gradient_bottom_color:rgba(101,188,123,0);--button_gradient_top_color_hover:hsla(var(--awb-color5-h),calc(var(--awb-color5-s) - 5%),calc(var(--awb-color5-l) - 10%),var(--awb-color5-a));--button_gradient_bottom_color_hover:hsla(var(--awb-color5-h),calc(var(--awb-color5-s) - 5%),calc(var(--awb-color5-l) - 10%),var(--awb-color5-a));\" target=\"_self\" href=\"https:\/\/www.instagram.com\/reel\/C_WKU-7O-dP\/\"><span class=\"fusion-button-text awb-button__text awb-button__text--default\">Zeige alle Beitr\u00e4ge<\/span><i class=\"classic-angle-right-solid awb-button__icon awb-button__icon--default button-icon-right\" aria-hidden=\"true\"><\/i><\/a><\/div><\/div><\/div><div class=\"fusion-layout-column fusion_builder_column fusion-builder-column-6 fusion_builder_column_1_1 1_1 fusion-flex-column fusion-animated\" style=\"--awb-bg-size:cover;--awb-width-large:100%;--awb-margin-top-large:0px;--awb-spacing-right-large:1.92%;--awb-margin-bottom-large:50px;--awb-spacing-left-large:1.92%;--awb-width-medium:100%;--awb-order-medium:0;--awb-spacing-right-medium:1.92%;--awb-spacing-left-medium:1.92%;--awb-width-small:100%;--awb-order-small:0;--awb-spacing-right-small:1.92%;--awb-margin-bottom-small:50px;--awb-spacing-left-small:1.92%;\" data-animationType=\"fadeIn\" data-animationDuration=\"0.3\" data-animationOffset=\"top-into-view\"><div class=\"fusion-column-wrapper fusion-column-has-shadow fusion-flex-justify-content-space-between fusion-content-layout-row fusion-flex-align-items-center\"><div class=\"fusion-title title fusion-title-6 fusion-sep-none fusion-title-text fusion-title-size-three\" style=\"--awb-margin-bottom:0px;--awb-margin-top-small:10px;--awb-margin-right-small:0px;--awb-margin-bottom-small:10px;--awb-margin-left-small:0px;\"><h3 class=\"fusion-title-heading title-heading-left\" style=\"margin:0;\">Instagram<\/h3><\/div><div class=\"fusion-title title fusion-title-7 fusion-sep-none fusion-title-text fusion-title-size-three\" style=\"--awb-margin-bottom:0px;--awb-margin-top-small:10px;--awb-margin-right-small:0px;--awb-margin-bottom-small:10px;--awb-margin-left-small:0px;\"><h3 class=\"fusion-title-heading title-heading-left\" style=\"margin:0;\"><\/h3><\/div><div ><a class=\"fusion-button button-flat fusion-button-default-size button-custom fusion-button-default button-3 fusion-button-default-span fusion-button-default-type\" style=\"--button_accent_color:var(--awb-color4);--button_border_color:var(--awb-color4);--button_accent_hover_color:var(--awb-color1);--button_border_hover_color:var(--awb-color1);--button_gradient_top_color:rgba(101,188,123,0);--button_gradient_bottom_color:rgba(101,188,123,0);--button_gradient_top_color_hover:hsla(var(--awb-color5-h),calc(var(--awb-color5-s) - 5%),calc(var(--awb-color5-l) - 10%),var(--awb-color5-a));--button_gradient_bottom_color_hover:hsla(var(--awb-color5-h),calc(var(--awb-color5-s) - 5%),calc(var(--awb-color5-l) - 10%),var(--awb-color5-a));\" target=\"_self\" href=\"https:\/\/www.instagram.com\/reel\/C_WKU-7O-dP\/\"><span class=\"fusion-button-text awb-button__text awb-button__text--default\">Zeige alle Beitr\u00e4ge<\/span><i class=\"classic-angle-right-solid awb-button__icon awb-button__icon--default button-icon-right\" aria-hidden=\"true\"><\/i><\/a><\/div><\/div><\/div><div class=\"fusion-layout-column fusion_builder_column fusion-builder-column-7 fusion_builder_column_1_1 1_1 fusion-flex-column\" style=\"--awb-bg-size:cover;--awb-width-large:100%;--awb-margin-top-large:0px;--awb-spacing-right-large:1.92%;--awb-margin-bottom-large:60px;--awb-spacing-left-large:1.92%;--awb-width-medium:100%;--awb-order-medium:0;--awb-spacing-right-medium:1.92%;--awb-spacing-left-medium:1.92%;--awb-width-small:100%;--awb-order-small:0;--awb-spacing-right-small:1.92%;--awb-spacing-left-small:1.92%;\"><div class=\"fusion-column-wrapper fusion-column-has-shadow fusion-flex-justify-content-flex-start fusion-content-layout-column\"><div class=\"awb-instagram-element instagram-1 loading layout-masonry hover-zoomin buttons-layout-floated buttons-layout-medium-floated buttons-layout-small-floated\" style=\"--awb-column-width:25%;--awb-column-space:10;--awb-md-column-width:25%;--awb-md-column-space:10;--awb-sm-column-width:25%;--awb-sm-column-space:10;--awb-bd-radius: ;--awb-bd-width: 0px;--awb-buttons-alignment:center;\" data-limit=\"4\" data-counter=\"1\" data-lightbox=\"true\" data-link_type=\"post\" data-link_target=\"_blank\" data-lazy=\"none\"><div class=\"instagram-posts\"><div class=\"fusion-loading-container fusion-clearfix \">\n\t\t\t\t<div class=\"fusion-loading-spinner\">\n\t\t\t\t\t<div class=\"fusion-spinner-1\"><\/div>\n\t\t\t\t\t<div class=\"fusion-spinner-2\"><\/div>\n\t\t\t\t\t<div class=\"fusion-spinner-3\"><\/div>\n\t\t\t\t<\/div><\/div><\/div><div class=\"fusion-loading-container fusion-clearfix instagram-posts-loading-container\">\n\t\t\t\t<div class=\"fusion-loading-spinner\">\n\t\t\t\t\t<div class=\"fusion-spinner-1\"><\/div>\n\t\t\t\t\t<div class=\"fusion-spinner-2\"><\/div>\n\t\t\t\t\t<div class=\"fusion-spinner-3\"><\/div>\n\t\t\t\t<\/div><div class=\"fusion-loading-msg\"><em>Loading the next set of instagram posts...<\/em><\/div><\/div><div class=\"awb-instagram-buttons\"><a href=\"#\" class=\"fusion-button button-flat button-default fusion-button-default-size awb-instagram-load-more-btn fusion-button-span-no\" >Mehr sehen...<\/a><a href=\"https:\/\/www.instagram.com\/vfrsimmern.schwimmen\" target=\"_blank\" class=\"fusion-button button-flat button-default fusion-button-default-size awb-instagram-follow-btn  fusion-button-span-no\"><i class=\"awb-icon-instagram button-icon-left\"><\/i>Follow Us On Instagram<\/a><\/div><\/div><\/div><\/div><div class=\"fusion-layout-column fusion_builder_column fusion-builder-column-8 fusion_builder_column_1_1 1_1 fusion-flex-column fusion-animated\" style=\"--awb-bg-size:cover;--awb-width-large:100%;--awb-margin-top-large:0px;--awb-spacing-right-large:1.92%;--awb-margin-bottom-large:50px;--awb-spacing-left-large:1.92%;--awb-width-medium:100%;--awb-order-medium:0;--awb-spacing-right-medium:1.92%;--awb-spacing-left-medium:1.92%;--awb-width-small:100%;--awb-order-small:0;--awb-spacing-right-small:1.92%;--awb-margin-bottom-small:50px;--awb-spacing-left-small:1.92%;\" data-animationType=\"fadeIn\" data-animationDuration=\"0.3\" data-animationOffset=\"top-into-view\"><div class=\"fusion-column-wrapper fusion-column-has-shadow fusion-flex-justify-content-space-between fusion-content-layout-row fusion-flex-align-items-center\"><div class=\"fusion-title title fusion-title-8 fusion-sep-none fusion-title-text fusion-title-size-three\" style=\"--awb-margin-bottom:0px;--awb-margin-top-small:10px;--awb-margin-right-small:0px;--awb-margin-bottom-small:10px;--awb-margin-left-small:0px;\"><h3 class=\"fusion-title-heading title-heading-left\" style=\"margin:0;\">Wettk\u00e4mpfe<\/h3><\/div><div class=\"fusion-title title fusion-title-9 fusion-sep-none fusion-title-text fusion-title-size-three\" style=\"--awb-margin-bottom:0px;--awb-margin-top-small:10px;--awb-margin-right-small:0px;--awb-margin-bottom-small:10px;--awb-margin-left-small:0px;\"><h3 class=\"fusion-title-heading title-heading-left\" style=\"margin:0;\"><\/h3><\/div><div ><a class=\"fusion-button button-flat fusion-button-default-size button-custom fusion-button-default button-4 fusion-button-default-span fusion-button-default-type\" style=\"--button_accent_color:var(--awb-color4);--button_border_color:var(--awb-color4);--button_accent_hover_color:var(--awb-color1);--button_border_hover_color:var(--awb-color1);--button_gradient_top_color:rgba(101,188,123,0);--button_gradient_bottom_color:rgba(101,188,123,0);--button_gradient_top_color_hover:hsla(var(--awb-color5-h),calc(var(--awb-color5-s) - 5%),calc(var(--awb-color5-l) - 10%),var(--awb-color5-a));--button_gradient_bottom_color_hover:hsla(var(--awb-color5-h),calc(var(--awb-color5-s) - 5%),calc(var(--awb-color5-l) - 10%),var(--awb-color5-a));\" target=\"_self\" href=\"https:\/\/schwimmen-vfrsimmern.de\/index.php\/wettkampfkalender\/\"><span class=\"fusion-button-text awb-button__text awb-button__text--default\">Zu allen Wettk\u00e4mpfen<\/span><i class=\"classic-angle-right-solid awb-button__icon awb-button__icon--default button-icon-right\" aria-hidden=\"true\"><\/i><\/a><\/div><\/div><\/div><div class=\"fusion-layout-column fusion_builder_column fusion-builder-column-9 fusion_builder_column_1_1 1_1 fusion-flex-column fusion-animated\" style=\"--awb-bg-size:cover;--awb-width-large:100%;--awb-margin-top-large:0px;--awb-spacing-right-large:1.92%;--awb-margin-bottom-large:0px;--awb-spacing-left-large:1.92%;--awb-width-medium:100%;--awb-order-medium:0;--awb-spacing-right-medium:1.92%;--awb-spacing-left-medium:1.92%;--awb-width-small:100%;--awb-order-small:0;--awb-spacing-right-small:1.92%;--awb-margin-bottom-small:40px;--awb-spacing-left-small:1.92%;\" data-animationType=\"fadeInUp\" data-animationDuration=\"1.3\" data-animationOffset=\"top-into-view\"><div class=\"fusion-column-wrapper fusion-column-has-shadow fusion-flex-justify-content-flex-start fusion-content-layout-column\"><div class=\"fusion-post-cards fusion-post-cards-1 fusion-grid-archive fusion-grid-columns-3\" style=\"--awb-column-spacing:10px;--awb-dots-align:center;--awb-columns:3;--awb-filters-color:hsla(var(--awb-color8-h),var(--awb-color8-s),calc( var(--awb-color8-l) + 20% ),var(--awb-color8-a));--awb-active-filter-border-size:6px;--awb-filters-height:25px;--awb-filters-alignment:space-evenly;--awb-row-spacing:10px;--awb-filters-alignment-medium:flex-start;--awb-filters-alignment-small:flex-start;\" data-post-type-label=\"veranstaltungen\"><div><ul class=\"fusion-filters\" role=\"menu\" aria-label=\"Post Filters\"><li role=\"presentation\" class=\"fusion-filter fusion-filter-all fusion-active\"><a href=\"#\" data-filter=\"*\" role=\"menuitem\">All<\/a><\/li><li role=\"presentation\" class=\"fusion-filter fusion-hidden\"><a href=\"#\" data-filter=\".interne-veranstaltungen\" role=\"menuitem\">Interne Veranstaltungen<\/a><\/li><li role=\"presentation\" class=\"fusion-filter fusion-hidden\"><a href=\"#\" data-filter=\".meisterschaften\" role=\"menuitem\">Meisterschaften<\/a><\/li><li role=\"presentation\" class=\"fusion-filter fusion-hidden\"><a href=\"#\" data-filter=\".nachwuchsschwimmfest\" role=\"menuitem\">Nachwuchsschwimmfest<\/a><\/li><li role=\"presentation\" class=\"fusion-filter fusion-hidden\"><a href=\"#\" data-filter=\".sonstige-veranstaltung\" role=\"menuitem\">Sonstige Veranstaltung<\/a><\/li><li role=\"presentation\" class=\"fusion-filter fusion-hidden\"><a href=\"#\" data-filter=\".wettkampf\" role=\"menuitem\">Wettkampf<\/a><\/li><\/ul><\/div><ul class=\"fusion-grid fusion-grid-3 fusion-flex-align-items-stretch fusion-grid-posts-cards fusion-grid-container-infinite\" data-pages=\"0\"><li class=\"fusion-layout-column fusion_builder_column fusion-builder-column-10 fusion-flex-column post-card fusion-grid-column fusion-post-cards-grid-column nachwuchsschwimmfest wettkampf\" style=\"--awb-padding-bottom-medium:35px;--awb-overflow:hidden;--awb-bg-size:cover;--awb-box-shadow:0px 10px 20px hsla(var(--awb-color8-h),var(--awb-color8-s),var(--awb-color8-l),calc(var(--awb-color8-a) - 90%));;--awb-border-radius:12px 12px 12px 12px;--awb-transform:scaleX(1) scaleY(1);--awb-transform-hover:scaleX(1.01) scaleY(1.01);--awb-flex-grow:0;--awb-flex-shrink:0;--awb-flex-grow-medium:0;--awb-flex-shrink-medium:0;--awb-flex-grow-small:0;--awb-flex-shrink-small:0;\"><div class=\"fusion-column-wrapper fusion-column-has-shadow fusion-flex-justify-content-flex-start fusion-content-layout-column\"><div ><a class=\"fusion-button button-flat fusion-button-default-size button-custom fusion-button-default button-5 fusion-button-default-span \" style=\"--awb-margin-top:30px;--awb-margin-right:43px;--awb-margin-bottom:0px;--awb-margin-left:43px;--awb-padding-top:0px;--awb-padding-right:0px;--awb-padding-bottom:0px;--awb-padding-left:0px;--button_accent_color:var(--awb-color6);--button_accent_hover_color:var(--awb-color5);--button_border_hover_color:var(--awb-color1);--button_border_width-top:0px;--button_border_width-right:0px;--button_border_width-bottom:0px;--button_border_width-left:0px;--button-border-radius-top-left:6px;--button-border-radius-top-right:6px;--button-border-radius-bottom-right:6px;--button-border-radius-bottom-left:6px;--button_gradient_top_color:var(--awb-color1);--button_gradient_bottom_color:var(--awb-color1);--button_gradient_top_color_hover:var(--awb-color1);--button_gradient_bottom_color_hover:var(--awb-color1);--button_text_transform:var(--awb-typography5-text-transform);--button_font_size:var(--awb-typography5-font-size);--button_line_height:var(--awb-typography5-line-height);--button_typography-letter-spacing:var(--awb-typography5-letter-spacing);--button_typography-font-family:var(--awb-typography5-font-family);--button_typography-font-weight:var(--awb-typography5-font-weight);--button_typography-font-style:var(--awb-typography5-font-style);\" target=\"_self\" href=\"https:\/\/schwimmen-vfrsimmern.de\/index.php\/event\/stadtwerke-cup-bad-kreuznach-2\/\"><span class=\"fusion-button-text awb-button__text awb-button__text--default\"><\/span><\/a><\/div><div class=\"fusion-title title fusion-title-10 fusion-sep-none fusion-title-text fusion-title-size-five\" style=\"--awb-text-color:var(--awb-color8);--awb-margin-right:43px;--awb-margin-bottom:20px;--awb-margin-left:43px;--awb-margin-top-small:10px;--awb-margin-right-small:43px;--awb-margin-bottom-small:10px;--awb-margin-left-small:43px;--awb-margin-right-medium:43px;--awb-margin-left-medium:43px;--awb-link-hover-color:hsla(var(--awb-color8-h),var(--awb-color8-s),var(--awb-color8-l),calc(var(--awb-color8-a) - 30%));--awb-font-size:18px;\"><h5 class=\"fusion-title-heading title-heading-left fusion-responsive-typography-calculated\" style=\"font-family:&quot;Poppins&quot;;font-style:normal;font-weight:500;margin:0;font-size:1em;--fontSize:18;--minFontSize:18;line-height:1.44;\"><a href=\"https:\/\/schwimmen-vfrsimmern.de\/index.php\/event\/stadtwerke-cup-bad-kreuznach-2\/\" class=\"awb-custom-text-color awb-custom-text-hover-color\" target=\"_self\">Stadtwerke Cup Bad Kreuznach<\/a><\/h5><\/div><div class=\"fusion-separator fusion-full-width-sep\" style=\"align-self: center;margin-left: auto;margin-right: auto;flex-grow:1;margin-bottom:0px;width:100%;\"><\/div><div class=\"fusion-separator fusion-full-width-sep\" style=\"align-self: center;margin-left: auto;margin-right: auto;margin-bottom:25px;width:100%;\"><div class=\"fusion-separator-border sep-single sep-solid\" style=\"--awb-height:20px;--awb-amount:20px;border-color:var(--awb-color3);border-top-width:1px;\"><\/div><\/div><div class=\"fusion-title title fusion-title-11 fusion-sep-none fusion-title-text fusion-title-size-five\" style=\"--awb-text-color:var(--awb-color8);--awb-margin-right:43px;--awb-margin-bottom:20px;--awb-margin-left:43px;--awb-margin-top-small:10px;--awb-margin-right-small:43px;--awb-margin-bottom-small:10px;--awb-margin-left-small:43px;--awb-margin-right-medium:43px;--awb-margin-left-medium:43px;--awb-link-hover-color:hsla(var(--awb-color8-h),var(--awb-color8-s),var(--awb-color8-l),calc(var(--awb-color8-a) - 30%));--awb-font-size:18px;\"><h5 class=\"fusion-title-heading title-heading-left\" style=\"font-family:&quot;Poppins&quot;;font-style:normal;font-weight:500;margin:0;font-size:1em;line-height:26px;\"><a href=\"https:\/\/schwimmen-vfrsimmern.de\/index.php\/event\/stadtwerke-cup-bad-kreuznach-2\/\" class=\"awb-custom-text-color awb-custom-text-hover-color\" target=\"_self\">Mai 9 - Mai 10<\/a><\/h5><\/div><div class=\"fusion-builder-row fusion-builder-row-inner fusion-row fusion-flex-align-items-stretch fusion-flex-justify-content-center fusion-flex-content-wrap\" style=\"--awb-flex-grow:0;--awb-flex-grow-medium:0;--awb-flex-grow-small:0;--awb-flex-shrink:0;--awb-flex-shrink-medium:0;--awb-flex-shrink-small:0;width:104% !important;max-width:104% !important;margin-left: calc(-4% \/ 2 );margin-right: calc(-4% \/ 2 );\"><div class=\"fusion-layout-column fusion_builder_column_inner fusion-builder-nested-column-0 fusion_builder_column_inner_1_1 1_1 fusion-flex-column\" style=\"--awb-bg-size:cover;--awb-width-large:100%;--awb-margin-top-large:0px;--awb-spacing-right-large:1.92%;--awb-margin-bottom-large:20px;--awb-spacing-left-large:1.92%;--awb-width-medium:100%;--awb-order-medium:0;--awb-spacing-right-medium:1.92%;--awb-spacing-left-medium:1.92%;--awb-width-small:100%;--awb-order-small:0;--awb-spacing-right-small:1.92%;--awb-spacing-left-small:1.92%;\"><div class=\"fusion-column-wrapper fusion-column-has-shadow fusion-flex-justify-content-flex-start fusion-content-layout-column\"><div class=\"fusion-content-tb fusion-content-tb-1\" style=\"--awb-text-color:var(--awb-color7);--awb-text-transform:none;\"><div class=\"fusion-fullwidth fullwidth-box fusion-builder-row-2-1 fusion-flex-container has-pattern-background has-mask-background nonhundred-percent-fullwidth non-hundred-percent-height-scrolling\" style=\"--awb-border-radius-top-left:0px;--awb-border-radius-top-right:0px;--awb-border-radius-bottom-right:0px;--awb-border-radius-bottom-left:0px;--awb-flex-wrap:wrap;\" ><div class=\"fusion-builder-row fusion-row fusion-flex-align-items-flex-start fusion-flex-content-wrap\" style=\"width:104% !important;max-width:104% !important;margin-left: calc(-4% \/ 2 );margin-right: calc(-4% \/ 2 );\"><div class=\"fusion-layout-column fusion_builder_column fusion-builder-column-11 fusion_builder_column_1_1 1_1 fusion-flex-column\" style=\"--awb-bg-size:cover;--awb-width-large:100%;--awb-flex-grow:0;--awb-flex-shrink:0;--awb-margin-top-large:0px;--awb-spacing-right-large:1.92%;--awb-margin-bottom-large:20px;--awb-spacing-left-large:1.92%;--awb-width-medium:100%;--awb-order-medium:0;--awb-flex-grow-medium:0;--awb-flex-shrink-medium:0;--awb-spacing-right-medium:1.92%;--awb-spacing-left-medium:1.92%;--awb-width-small:100%;--awb-order-small:0;--awb-flex-grow-small:0;--awb-flex-shrink-small:0;--awb-spacing-right-small:1.92%;--awb-spacing-left-small:1.92%;\"><div class=\"fusion-column-wrapper fusion-column-has-shadow fusion-flex-justify-content-flex-start fusion-content-layout-column\"><div class=\"fusion-reading-box-container reading-box-container-1\" style=\"--awb-title-color:var(--awb-color8);--awb-margin-top:0px;--awb-margin-bottom:20px;\"><div class=\"reading-box\" style=\"background-color:var(--awb-color2);border-width:1px;border-color:rgba(226,226,226,0);border-left-width:3px;border-left-color:var(--primary_color);border-style:solid;\"><div class=\"fusion-reading-box-flex\"><\/div><\/div><\/div><\/div><\/div><\/div><\/div>\n<\/div><\/div><\/div><\/div><\/div><\/li>\n<li class=\"fusion-layout-column fusion_builder_column fusion-builder-column-12 fusion-flex-column post-card fusion-grid-column fusion-post-cards-grid-column interne-veranstaltungen\" style=\"--awb-padding-bottom-medium:35px;--awb-overflow:hidden;--awb-bg-size:cover;--awb-box-shadow:0px 10px 20px hsla(var(--awb-color8-h),var(--awb-color8-s),var(--awb-color8-l),calc(var(--awb-color8-a) - 90%));;--awb-border-radius:12px 12px 12px 12px;--awb-transform:scaleX(1) scaleY(1);--awb-transform-hover:scaleX(1.01) scaleY(1.01);--awb-flex-grow:0;--awb-flex-shrink:0;--awb-flex-grow-medium:0;--awb-flex-shrink-medium:0;--awb-flex-grow-small:0;--awb-flex-shrink-small:0;\"><div class=\"fusion-column-wrapper fusion-column-has-shadow fusion-flex-justify-content-flex-start fusion-content-layout-column\"><div ><a class=\"fusion-button button-flat fusion-button-default-size button-custom fusion-button-default button-6 fusion-button-default-span \" style=\"--awb-margin-top:30px;--awb-margin-right:43px;--awb-margin-bottom:0px;--awb-margin-left:43px;--awb-padding-top:0px;--awb-padding-right:0px;--awb-padding-bottom:0px;--awb-padding-left:0px;--button_accent_color:var(--awb-color6);--button_accent_hover_color:var(--awb-color5);--button_border_hover_color:var(--awb-color1);--button_border_width-top:0px;--button_border_width-right:0px;--button_border_width-bottom:0px;--button_border_width-left:0px;--button-border-radius-top-left:6px;--button-border-radius-top-right:6px;--button-border-radius-bottom-right:6px;--button-border-radius-bottom-left:6px;--button_gradient_top_color:var(--awb-color1);--button_gradient_bottom_color:var(--awb-color1);--button_gradient_top_color_hover:var(--awb-color1);--button_gradient_bottom_color_hover:var(--awb-color1);--button_text_transform:var(--awb-typography5-text-transform);--button_font_size:var(--awb-typography5-font-size);--button_line_height:var(--awb-typography5-line-height);--button_typography-letter-spacing:var(--awb-typography5-letter-spacing);--button_typography-font-family:var(--awb-typography5-font-family);--button_typography-font-weight:var(--awb-typography5-font-weight);--button_typography-font-style:var(--awb-typography5-font-style);\" target=\"_self\" href=\"https:\/\/schwimmen-vfrsimmern.de\/index.php\/event\/mitgliederversammlung-schwimmabteilung-vfr\/\"><span class=\"fusion-button-text awb-button__text awb-button__text--default\"><\/span><\/a><\/div><div class=\"fusion-title title fusion-title-12 fusion-sep-none fusion-title-text fusion-title-size-five\" style=\"--awb-text-color:var(--awb-color8);--awb-margin-right:43px;--awb-margin-bottom:20px;--awb-margin-left:43px;--awb-margin-top-small:10px;--awb-margin-right-small:43px;--awb-margin-bottom-small:10px;--awb-margin-left-small:43px;--awb-margin-right-medium:43px;--awb-margin-left-medium:43px;--awb-link-hover-color:hsla(var(--awb-color8-h),var(--awb-color8-s),var(--awb-color8-l),calc(var(--awb-color8-a) - 30%));--awb-font-size:18px;\"><h5 class=\"fusion-title-heading title-heading-left fusion-responsive-typography-calculated\" style=\"font-family:&quot;Poppins&quot;;font-style:normal;font-weight:500;margin:0;font-size:1em;--fontSize:18;--minFontSize:18;line-height:1.44;\"><a href=\"https:\/\/schwimmen-vfrsimmern.de\/index.php\/event\/mitgliederversammlung-schwimmabteilung-vfr\/\" class=\"awb-custom-text-color awb-custom-text-hover-color\" target=\"_self\">Mitgliederversammlung Schwimmabteilung VfR<\/a><\/h5><\/div><div class=\"fusion-separator fusion-full-width-sep\" style=\"align-self: center;margin-left: auto;margin-right: auto;flex-grow:1;margin-bottom:0px;width:100%;\"><\/div><div class=\"fusion-separator fusion-full-width-sep\" style=\"align-self: center;margin-left: auto;margin-right: auto;margin-bottom:25px;width:100%;\"><div class=\"fusion-separator-border sep-single sep-solid\" style=\"--awb-height:20px;--awb-amount:20px;border-color:var(--awb-color3);border-top-width:1px;\"><\/div><\/div><div class=\"fusion-title title fusion-title-13 fusion-sep-none fusion-title-text fusion-title-size-five\" style=\"--awb-text-color:var(--awb-color8);--awb-margin-right:43px;--awb-margin-bottom:20px;--awb-margin-left:43px;--awb-margin-top-small:10px;--awb-margin-right-small:43px;--awb-margin-bottom-small:10px;--awb-margin-left-small:43px;--awb-margin-right-medium:43px;--awb-margin-left-medium:43px;--awb-link-hover-color:hsla(var(--awb-color8-h),var(--awb-color8-s),var(--awb-color8-l),calc(var(--awb-color8-a) - 30%));--awb-font-size:18px;\"><h5 class=\"fusion-title-heading title-heading-left\" style=\"font-family:&quot;Poppins&quot;;font-style:normal;font-weight:500;margin:0;font-size:1em;line-height:26px;\"><a href=\"https:\/\/schwimmen-vfrsimmern.de\/index.php\/event\/mitgliederversammlung-schwimmabteilung-vfr\/\" class=\"awb-custom-text-color awb-custom-text-hover-color\" target=\"_self\">Mai 11 @ 19:00 - 21:00<\/a><\/h5><\/div><div class=\"fusion-builder-row fusion-builder-row-inner fusion-row fusion-flex-align-items-stretch fusion-flex-justify-content-center fusion-flex-content-wrap\" style=\"--awb-flex-grow:0;--awb-flex-grow-medium:0;--awb-flex-grow-small:0;--awb-flex-shrink:0;--awb-flex-shrink-medium:0;--awb-flex-shrink-small:0;width:104% !important;max-width:104% !important;margin-left: calc(-4% \/ 2 );margin-right: calc(-4% \/ 2 );\"><div class=\"fusion-layout-column fusion_builder_column_inner fusion-builder-nested-column-1 fusion_builder_column_inner_1_1 1_1 fusion-flex-column\" style=\"--awb-bg-size:cover;--awb-width-large:100%;--awb-margin-top-large:0px;--awb-spacing-right-large:1.92%;--awb-margin-bottom-large:20px;--awb-spacing-left-large:1.92%;--awb-width-medium:100%;--awb-order-medium:0;--awb-spacing-right-medium:1.92%;--awb-spacing-left-medium:1.92%;--awb-width-small:100%;--awb-order-small:0;--awb-spacing-right-small:1.92%;--awb-spacing-left-small:1.92%;\"><div class=\"fusion-column-wrapper fusion-column-has-shadow fusion-flex-justify-content-flex-start fusion-content-layout-column\"><div class=\"fusion-content-tb fusion-content-tb-2\" style=\"--awb-text-color:var(--awb-color7);--awb-text-transform:none;\"><\/div><\/div><\/div><\/div><\/div><\/li>\n<li class=\"fusion-layout-column fusion_builder_column fusion-builder-column-13 fusion-flex-column post-card fusion-grid-column fusion-post-cards-grid-column nachwuchsschwimmfest wettkampf\" style=\"--awb-padding-bottom-medium:35px;--awb-overflow:hidden;--awb-bg-size:cover;--awb-box-shadow:0px 10px 20px hsla(var(--awb-color8-h),var(--awb-color8-s),var(--awb-color8-l),calc(var(--awb-color8-a) - 90%));;--awb-border-radius:12px 12px 12px 12px;--awb-transform:scaleX(1) scaleY(1);--awb-transform-hover:scaleX(1.01) scaleY(1.01);--awb-flex-grow:0;--awb-flex-shrink:0;--awb-flex-grow-medium:0;--awb-flex-shrink-medium:0;--awb-flex-grow-small:0;--awb-flex-shrink-small:0;\"><div class=\"fusion-column-wrapper fusion-column-has-shadow fusion-flex-justify-content-flex-start fusion-content-layout-column\"><div ><a class=\"fusion-button button-flat fusion-button-default-size button-custom fusion-button-default button-7 fusion-button-default-span \" style=\"--awb-margin-top:30px;--awb-margin-right:43px;--awb-margin-bottom:0px;--awb-margin-left:43px;--awb-padding-top:0px;--awb-padding-right:0px;--awb-padding-bottom:0px;--awb-padding-left:0px;--button_accent_color:var(--awb-color6);--button_accent_hover_color:var(--awb-color5);--button_border_hover_color:var(--awb-color1);--button_border_width-top:0px;--button_border_width-right:0px;--button_border_width-bottom:0px;--button_border_width-left:0px;--button-border-radius-top-left:6px;--button-border-radius-top-right:6px;--button-border-radius-bottom-right:6px;--button-border-radius-bottom-left:6px;--button_gradient_top_color:var(--awb-color1);--button_gradient_bottom_color:var(--awb-color1);--button_gradient_top_color_hover:var(--awb-color1);--button_gradient_bottom_color_hover:var(--awb-color1);--button_text_transform:var(--awb-typography5-text-transform);--button_font_size:var(--awb-typography5-font-size);--button_line_height:var(--awb-typography5-line-height);--button_typography-letter-spacing:var(--awb-typography5-letter-spacing);--button_typography-font-family:var(--awb-typography5-font-family);--button_typography-font-weight:var(--awb-typography5-font-weight);--button_typography-font-style:var(--awb-typography5-font-style);\" target=\"_self\" href=\"https:\/\/schwimmen-vfrsimmern.de\/index.php\/event\/50-rhein-nahe-eck-schwimmfest\/\"><span class=\"fusion-button-text awb-button__text awb-button__text--default\"><\/span><\/a><\/div><div class=\"fusion-title title fusion-title-14 fusion-sep-none fusion-title-text fusion-title-size-five\" style=\"--awb-text-color:var(--awb-color8);--awb-margin-right:43px;--awb-margin-bottom:20px;--awb-margin-left:43px;--awb-margin-top-small:10px;--awb-margin-right-small:43px;--awb-margin-bottom-small:10px;--awb-margin-left-small:43px;--awb-margin-right-medium:43px;--awb-margin-left-medium:43px;--awb-link-hover-color:hsla(var(--awb-color8-h),var(--awb-color8-s),var(--awb-color8-l),calc(var(--awb-color8-a) - 30%));--awb-font-size:18px;\"><h5 class=\"fusion-title-heading title-heading-left fusion-responsive-typography-calculated\" style=\"font-family:&quot;Poppins&quot;;font-style:normal;font-weight:500;margin:0;font-size:1em;--fontSize:18;--minFontSize:18;line-height:1.44;\"><a href=\"https:\/\/schwimmen-vfrsimmern.de\/index.php\/event\/50-rhein-nahe-eck-schwimmfest\/\" class=\"awb-custom-text-color awb-custom-text-hover-color\" target=\"_self\">50. Rhein-Nahe-Eck Schwimmfest<\/a><\/h5><\/div><div class=\"fusion-separator fusion-full-width-sep\" style=\"align-self: center;margin-left: auto;margin-right: auto;flex-grow:1;margin-bottom:0px;width:100%;\"><\/div><div class=\"fusion-separator fusion-full-width-sep\" style=\"align-self: center;margin-left: auto;margin-right: auto;margin-bottom:25px;width:100%;\"><div class=\"fusion-separator-border sep-single sep-solid\" style=\"--awb-height:20px;--awb-amount:20px;border-color:var(--awb-color3);border-top-width:1px;\"><\/div><\/div><div class=\"fusion-title title fusion-title-15 fusion-sep-none fusion-title-text fusion-title-size-five\" style=\"--awb-text-color:var(--awb-color8);--awb-margin-right:43px;--awb-margin-bottom:20px;--awb-margin-left:43px;--awb-margin-top-small:10px;--awb-margin-right-small:43px;--awb-margin-bottom-small:10px;--awb-margin-left-small:43px;--awb-margin-right-medium:43px;--awb-margin-left-medium:43px;--awb-link-hover-color:hsla(var(--awb-color8-h),var(--awb-color8-s),var(--awb-color8-l),calc(var(--awb-color8-a) - 30%));--awb-font-size:18px;\"><h5 class=\"fusion-title-heading title-heading-left\" style=\"font-family:&quot;Poppins&quot;;font-style:normal;font-weight:500;margin:0;font-size:1em;line-height:26px;\"><a href=\"https:\/\/schwimmen-vfrsimmern.de\/index.php\/event\/50-rhein-nahe-eck-schwimmfest\/\" class=\"awb-custom-text-color awb-custom-text-hover-color\" target=\"_self\">Mai 17<\/a><\/h5><\/div><div class=\"fusion-builder-row fusion-builder-row-inner fusion-row fusion-flex-align-items-stretch fusion-flex-justify-content-center fusion-flex-content-wrap\" style=\"--awb-flex-grow:0;--awb-flex-grow-medium:0;--awb-flex-grow-small:0;--awb-flex-shrink:0;--awb-flex-shrink-medium:0;--awb-flex-shrink-small:0;width:104% !important;max-width:104% !important;margin-left: calc(-4% \/ 2 );margin-right: calc(-4% \/ 2 );\"><div class=\"fusion-layout-column fusion_builder_column_inner fusion-builder-nested-column-2 fusion_builder_column_inner_1_1 1_1 fusion-flex-column\" style=\"--awb-bg-size:cover;--awb-width-large:100%;--awb-margin-top-large:0px;--awb-spacing-right-large:1.92%;--awb-margin-bottom-large:20px;--awb-spacing-left-large:1.92%;--awb-width-medium:100%;--awb-order-medium:0;--awb-spacing-right-medium:1.92%;--awb-spacing-left-medium:1.92%;--awb-width-small:100%;--awb-order-small:0;--awb-spacing-right-small:1.92%;--awb-spacing-left-small:1.92%;\"><div class=\"fusion-column-wrapper fusion-column-has-shadow fusion-flex-justify-content-flex-start fusion-content-layout-column\"><div class=\"fusion-content-tb fusion-content-tb-3\" style=\"--awb-text-color:var(--awb-color7);--awb-text-transform:none;\"><div class=\"fusion-fullwidth fullwidth-box fusion-builder-row-2-2 fusion-flex-container has-pattern-background has-mask-background nonhundred-percent-fullwidth non-hundred-percent-height-scrolling\" style=\"--awb-border-radius-top-left:0px;--awb-border-radius-top-right:0px;--awb-border-radius-bottom-right:0px;--awb-border-radius-bottom-left:0px;--awb-flex-wrap:wrap;\" ><div class=\"fusion-builder-row fusion-row fusion-flex-align-items-flex-start fusion-flex-content-wrap\" style=\"width:104% !important;max-width:104% !important;margin-left: calc(-4% \/ 2 );margin-right: calc(-4% \/ 2 );\"><div class=\"fusion-layout-column fusion_builder_column fusion-builder-column-14 fusion_builder_column_1_1 1_1 fusion-flex-column\" style=\"--awb-bg-size:cover;--awb-width-large:100%;--awb-flex-grow:0;--awb-flex-shrink:0;--awb-margin-top-large:0px;--awb-spacing-right-large:1.92%;--awb-margin-bottom-large:20px;--awb-spacing-left-large:1.92%;--awb-width-medium:100%;--awb-order-medium:0;--awb-flex-grow-medium:0;--awb-flex-shrink-medium:0;--awb-spacing-right-medium:1.92%;--awb-spacing-left-medium:1.92%;--awb-width-small:100%;--awb-order-small:0;--awb-flex-grow-small:0;--awb-flex-shrink-small:0;--awb-spacing-right-small:1.92%;--awb-spacing-left-small:1.92%;\"><div class=\"fusion-column-wrapper fusion-column-has-shadow fusion-flex-justify-content-flex-start fusion-content-layout-column\"><div class=\"fusion-reading-box-container reading-box-container-2\" style=\"--awb-title-color:var(--awb-color8);--awb-margin-top:0px;--awb-margin-bottom:20px;\"><div class=\"reading-box\" style=\"background-color:var(--awb-color2);border-width:1px;border-color:rgba(226,226,226,0);border-left-width:3px;border-left-color:var(--primary_color);border-style:solid;\"><div class=\"fusion-reading-box-flex\"><a class=\"button fusion-button button-default fusion-button-default-size button-default-size button-flat fusion-desktop-button fusion-tagline-button continue continue-right\" style=\"-webkit-box-shadow:none;-moz-box-shadow:none;box-shadow:none;border-radius:4px 4px 4px 4px\" href=\"https:\/\/schwimmen-vfrsimmern.de\/wp-content\/uploads\/2026\/01\/2026-05-17-Gau-Alge-Au.pdf\" target=\"_self\"><span>Ausschreibung<\/span><\/a><\/div><a class=\"button fusion-button button-default fusion-button-default-size button-default-size button-flat fusion-mobile-button continue-right\" style=\"-webkit-box-shadow:none;-moz-box-shadow:none;box-shadow:none;border-radius:4px 4px 4px 4px\" href=\"https:\/\/schwimmen-vfrsimmern.de\/wp-content\/uploads\/2026\/01\/2026-05-17-Gau-Alge-Au.pdf\" target=\"_self\"><span>Ausschreibung<\/span><\/a><\/div><\/div><\/div><\/div><\/div><\/div>\n<\/div><\/div><\/div><\/div><\/div><\/li>\n<li class=\"fusion-layout-column fusion_builder_column fusion-builder-column-15 fusion-flex-column post-card fusion-grid-column fusion-post-cards-grid-column nachwuchsschwimmfest wettkampf\" style=\"--awb-padding-bottom-medium:35px;--awb-overflow:hidden;--awb-bg-size:cover;--awb-box-shadow:0px 10px 20px hsla(var(--awb-color8-h),var(--awb-color8-s),var(--awb-color8-l),calc(var(--awb-color8-a) - 90%));;--awb-border-radius:12px 12px 12px 12px;--awb-transform:scaleX(1) scaleY(1);--awb-transform-hover:scaleX(1.01) scaleY(1.01);--awb-flex-grow:0;--awb-flex-shrink:0;--awb-flex-grow-medium:0;--awb-flex-shrink-medium:0;--awb-flex-grow-small:0;--awb-flex-shrink-small:0;\"><div class=\"fusion-column-wrapper fusion-column-has-shadow fusion-flex-justify-content-flex-start fusion-content-layout-column\"><div ><a class=\"fusion-button button-flat fusion-button-default-size button-custom fusion-button-default button-8 fusion-button-default-span \" style=\"--awb-margin-top:30px;--awb-margin-right:43px;--awb-margin-bottom:0px;--awb-margin-left:43px;--awb-padding-top:0px;--awb-padding-right:0px;--awb-padding-bottom:0px;--awb-padding-left:0px;--button_accent_color:var(--awb-color6);--button_accent_hover_color:var(--awb-color5);--button_border_hover_color:var(--awb-color1);--button_border_width-top:0px;--button_border_width-right:0px;--button_border_width-bottom:0px;--button_border_width-left:0px;--button-border-radius-top-left:6px;--button-border-radius-top-right:6px;--button-border-radius-bottom-right:6px;--button-border-radius-bottom-left:6px;--button_gradient_top_color:var(--awb-color1);--button_gradient_bottom_color:var(--awb-color1);--button_gradient_top_color_hover:var(--awb-color1);--button_gradient_bottom_color_hover:var(--awb-color1);--button_text_transform:var(--awb-typography5-text-transform);--button_font_size:var(--awb-typography5-font-size);--button_line_height:var(--awb-typography5-line-height);--button_typography-letter-spacing:var(--awb-typography5-letter-spacing);--button_typography-font-family:var(--awb-typography5-font-family);--button_typography-font-weight:var(--awb-typography5-font-weight);--button_typography-font-style:var(--awb-typography5-font-style);\" target=\"_self\" href=\"https:\/\/schwimmen-vfrsimmern.de\/index.php\/event\/43-peter-und-paul-schwimmfest\/\"><span class=\"fusion-button-text awb-button__text awb-button__text--default\"><\/span><\/a><\/div><div class=\"fusion-title title fusion-title-16 fusion-sep-none fusion-title-text fusion-title-size-five\" style=\"--awb-text-color:var(--awb-color8);--awb-margin-right:43px;--awb-margin-bottom:20px;--awb-margin-left:43px;--awb-margin-top-small:10px;--awb-margin-right-small:43px;--awb-margin-bottom-small:10px;--awb-margin-left-small:43px;--awb-margin-right-medium:43px;--awb-margin-left-medium:43px;--awb-link-hover-color:hsla(var(--awb-color8-h),var(--awb-color8-s),var(--awb-color8-l),calc(var(--awb-color8-a) - 30%));--awb-font-size:18px;\"><h5 class=\"fusion-title-heading title-heading-left fusion-responsive-typography-calculated\" style=\"font-family:&quot;Poppins&quot;;font-style:normal;font-weight:500;margin:0;font-size:1em;--fontSize:18;--minFontSize:18;line-height:1.44;\"><a href=\"https:\/\/schwimmen-vfrsimmern.de\/index.php\/event\/43-peter-und-paul-schwimmfest\/\" class=\"awb-custom-text-color awb-custom-text-hover-color\" target=\"_self\">43. Peter und Paul Schwimmfest Trier<\/a><\/h5><\/div><div class=\"fusion-separator fusion-full-width-sep\" style=\"align-self: center;margin-left: auto;margin-right: auto;flex-grow:1;margin-bottom:0px;width:100%;\"><\/div><div class=\"fusion-separator fusion-full-width-sep\" style=\"align-self: center;margin-left: auto;margin-right: auto;margin-bottom:25px;width:100%;\"><div class=\"fusion-separator-border sep-single sep-solid\" style=\"--awb-height:20px;--awb-amount:20px;border-color:var(--awb-color3);border-top-width:1px;\"><\/div><\/div><div class=\"fusion-title title fusion-title-17 fusion-sep-none fusion-title-text fusion-title-size-five\" style=\"--awb-text-color:var(--awb-color8);--awb-margin-right:43px;--awb-margin-bottom:20px;--awb-margin-left:43px;--awb-margin-top-small:10px;--awb-margin-right-small:43px;--awb-margin-bottom-small:10px;--awb-margin-left-small:43px;--awb-margin-right-medium:43px;--awb-margin-left-medium:43px;--awb-link-hover-color:hsla(var(--awb-color8-h),var(--awb-color8-s),var(--awb-color8-l),calc(var(--awb-color8-a) - 30%));--awb-font-size:18px;\"><h5 class=\"fusion-title-heading title-heading-left\" style=\"font-family:&quot;Poppins&quot;;font-style:normal;font-weight:500;margin:0;font-size:1em;line-height:26px;\"><a href=\"https:\/\/schwimmen-vfrsimmern.de\/index.php\/event\/43-peter-und-paul-schwimmfest\/\" class=\"awb-custom-text-color awb-custom-text-hover-color\" target=\"_self\">Mai 30 - Mai 31<\/a><\/h5><\/div><div class=\"fusion-builder-row fusion-builder-row-inner fusion-row fusion-flex-align-items-stretch fusion-flex-justify-content-center fusion-flex-content-wrap\" style=\"--awb-flex-grow:0;--awb-flex-grow-medium:0;--awb-flex-grow-small:0;--awb-flex-shrink:0;--awb-flex-shrink-medium:0;--awb-flex-shrink-small:0;width:104% !important;max-width:104% !important;margin-left: calc(-4% \/ 2 );margin-right: calc(-4% \/ 2 );\"><div class=\"fusion-layout-column fusion_builder_column_inner fusion-builder-nested-column-3 fusion_builder_column_inner_1_1 1_1 fusion-flex-column\" style=\"--awb-bg-size:cover;--awb-width-large:100%;--awb-margin-top-large:0px;--awb-spacing-right-large:1.92%;--awb-margin-bottom-large:20px;--awb-spacing-left-large:1.92%;--awb-width-medium:100%;--awb-order-medium:0;--awb-spacing-right-medium:1.92%;--awb-spacing-left-medium:1.92%;--awb-width-small:100%;--awb-order-small:0;--awb-spacing-right-small:1.92%;--awb-spacing-left-small:1.92%;\"><div class=\"fusion-column-wrapper fusion-column-has-shadow fusion-flex-justify-content-flex-start fusion-content-layout-column\"><div class=\"fusion-content-tb fusion-content-tb-4\" style=\"--awb-text-color:var(--awb-color7);--awb-text-transform:none;\"><div class=\"fusion-fullwidth fullwidth-box fusion-builder-row-2-3 fusion-flex-container has-pattern-background has-mask-background nonhundred-percent-fullwidth non-hundred-percent-height-scrolling\" style=\"--awb-border-radius-top-left:0px;--awb-border-radius-top-right:0px;--awb-border-radius-bottom-right:0px;--awb-border-radius-bottom-left:0px;--awb-flex-wrap:wrap;\" ><div class=\"fusion-builder-row fusion-row fusion-flex-align-items-flex-start fusion-flex-content-wrap\" style=\"width:104% !important;max-width:104% !important;margin-left: calc(-4% \/ 2 );margin-right: calc(-4% \/ 2 );\"><div class=\"fusion-layout-column fusion_builder_column fusion-builder-column-16 fusion_builder_column_1_1 1_1 fusion-flex-column\" style=\"--awb-bg-size:cover;--awb-width-large:100%;--awb-flex-grow:0;--awb-flex-shrink:0;--awb-margin-top-large:0px;--awb-spacing-right-large:1.92%;--awb-margin-bottom-large:20px;--awb-spacing-left-large:1.92%;--awb-width-medium:100%;--awb-order-medium:0;--awb-flex-grow-medium:0;--awb-flex-shrink-medium:0;--awb-spacing-right-medium:1.92%;--awb-spacing-left-medium:1.92%;--awb-width-small:100%;--awb-order-small:0;--awb-flex-grow-small:0;--awb-flex-shrink-small:0;--awb-spacing-right-small:1.92%;--awb-spacing-left-small:1.92%;\"><div class=\"fusion-column-wrapper fusion-column-has-shadow fusion-flex-justify-content-flex-start fusion-content-layout-column\"><div class=\"fusion-reading-box-container reading-box-container-3\" style=\"--awb-title-color:var(--awb-color8);--awb-margin-top:0px;--awb-margin-bottom:20px;\"><div class=\"reading-box\" style=\"background-color:var(--awb-color2);border-width:1px;border-color:rgba(226,226,226,0);border-left-width:3px;border-left-color:var(--primary_color);border-style:solid;\"><div class=\"fusion-reading-box-flex\"><h2>Ausschreibung<\/h2><a class=\"button fusion-button button-default fusion-button-default-size button-default-size button-flat fusion-desktop-button fusion-tagline-button continue continue-right\" style=\"-webkit-box-shadow:none;-moz-box-shadow:none;box-shadow:none;border-radius:4px 4px 4px 4px\" href=\"https:\/\/schwimmen-vfrsimmern.de\/wp-content\/uploads\/2026\/01\/2026-05-31-Trier-Au.pdf\" target=\"_self\"><span>Ausschreibung<\/span><\/a><\/div><a class=\"button fusion-button button-default fusion-button-default-size button-default-size button-flat fusion-mobile-button continue-right\" style=\"-webkit-box-shadow:none;-moz-box-shadow:none;box-shadow:none;border-radius:4px 4px 4px 4px\" href=\"https:\/\/schwimmen-vfrsimmern.de\/wp-content\/uploads\/2026\/01\/2026-05-31-Trier-Au.pdf\" target=\"_self\"><span>Ausschreibung<\/span><\/a><\/div><\/div><\/div><\/div><\/div><\/div>\n<\/div><\/div><\/div><\/div><\/div><\/li>\n<li class=\"fusion-layout-column fusion_builder_column fusion-builder-column-17 fusion-flex-column post-card fusion-grid-column fusion-post-cards-grid-column meisterschaften\" style=\"--awb-padding-bottom-medium:35px;--awb-overflow:hidden;--awb-bg-size:cover;--awb-box-shadow:0px 10px 20px hsla(var(--awb-color8-h),var(--awb-color8-s),var(--awb-color8-l),calc(var(--awb-color8-a) - 90%));;--awb-border-radius:12px 12px 12px 12px;--awb-transform:scaleX(1) scaleY(1);--awb-transform-hover:scaleX(1.01) scaleY(1.01);--awb-flex-grow:0;--awb-flex-shrink:0;--awb-flex-grow-medium:0;--awb-flex-shrink-medium:0;--awb-flex-grow-small:0;--awb-flex-shrink-small:0;\"><div class=\"fusion-column-wrapper fusion-column-has-shadow fusion-flex-justify-content-flex-start fusion-content-layout-column\"><div ><a class=\"fusion-button button-flat fusion-button-default-size button-custom fusion-button-default button-9 fusion-button-default-span \" style=\"--awb-margin-top:30px;--awb-margin-right:43px;--awb-margin-bottom:0px;--awb-margin-left:43px;--awb-padding-top:0px;--awb-padding-right:0px;--awb-padding-bottom:0px;--awb-padding-left:0px;--button_accent_color:var(--awb-color6);--button_accent_hover_color:var(--awb-color5);--button_border_hover_color:var(--awb-color1);--button_border_width-top:0px;--button_border_width-right:0px;--button_border_width-bottom:0px;--button_border_width-left:0px;--button-border-radius-top-left:6px;--button-border-radius-top-right:6px;--button-border-radius-bottom-right:6px;--button-border-radius-bottom-left:6px;--button_gradient_top_color:var(--awb-color1);--button_gradient_bottom_color:var(--awb-color1);--button_gradient_top_color_hover:var(--awb-color1);--button_gradient_bottom_color_hover:var(--awb-color1);--button_text_transform:var(--awb-typography5-text-transform);--button_font_size:var(--awb-typography5-font-size);--button_line_height:var(--awb-typography5-line-height);--button_typography-letter-spacing:var(--awb-typography5-letter-spacing);--button_typography-font-family:var(--awb-typography5-font-family);--button_typography-font-weight:var(--awb-typography5-font-weight);--button_typography-font-style:var(--awb-typography5-font-style);\" target=\"_self\" href=\"https:\/\/schwimmen-vfrsimmern.de\/index.php\/event\/rheinland-meisterschaften-3\/\"><span class=\"fusion-button-text awb-button__text awb-button__text--default\"><\/span><\/a><\/div><div class=\"fusion-title title fusion-title-18 fusion-sep-none fusion-title-text fusion-title-size-five\" style=\"--awb-text-color:var(--awb-color8);--awb-margin-right:43px;--awb-margin-bottom:20px;--awb-margin-left:43px;--awb-margin-top-small:10px;--awb-margin-right-small:43px;--awb-margin-bottom-small:10px;--awb-margin-left-small:43px;--awb-margin-right-medium:43px;--awb-margin-left-medium:43px;--awb-link-hover-color:hsla(var(--awb-color8-h),var(--awb-color8-s),var(--awb-color8-l),calc(var(--awb-color8-a) - 30%));--awb-font-size:18px;\"><h5 class=\"fusion-title-heading title-heading-left fusion-responsive-typography-calculated\" style=\"font-family:&quot;Poppins&quot;;font-style:normal;font-weight:500;margin:0;font-size:1em;--fontSize:18;--minFontSize:18;line-height:1.44;\"><a href=\"https:\/\/schwimmen-vfrsimmern.de\/index.php\/event\/rheinland-meisterschaften-3\/\" class=\"awb-custom-text-color awb-custom-text-hover-color\" target=\"_self\">Rheinland-Meisterschaften<\/a><\/h5><\/div><div class=\"fusion-separator fusion-full-width-sep\" style=\"align-self: center;margin-left: auto;margin-right: auto;flex-grow:1;margin-bottom:0px;width:100%;\"><\/div><div class=\"fusion-separator fusion-full-width-sep\" style=\"align-self: center;margin-left: auto;margin-right: auto;margin-bottom:25px;width:100%;\"><div class=\"fusion-separator-border sep-single sep-solid\" style=\"--awb-height:20px;--awb-amount:20px;border-color:var(--awb-color3);border-top-width:1px;\"><\/div><\/div><div class=\"fusion-title title fusion-title-19 fusion-sep-none fusion-title-text fusion-title-size-five\" style=\"--awb-text-color:var(--awb-color8);--awb-margin-right:43px;--awb-margin-bottom:20px;--awb-margin-left:43px;--awb-margin-top-small:10px;--awb-margin-right-small:43px;--awb-margin-bottom-small:10px;--awb-margin-left-small:43px;--awb-margin-right-medium:43px;--awb-margin-left-medium:43px;--awb-link-hover-color:hsla(var(--awb-color8-h),var(--awb-color8-s),var(--awb-color8-l),calc(var(--awb-color8-a) - 30%));--awb-font-size:18px;\"><h5 class=\"fusion-title-heading title-heading-left\" style=\"font-family:&quot;Poppins&quot;;font-style:normal;font-weight:500;margin:0;font-size:1em;line-height:26px;\"><a href=\"https:\/\/schwimmen-vfrsimmern.de\/index.php\/event\/rheinland-meisterschaften-3\/\" class=\"awb-custom-text-color awb-custom-text-hover-color\" target=\"_self\">Juni 20 - Juni 21<\/a><\/h5><\/div><div class=\"fusion-builder-row fusion-builder-row-inner fusion-row fusion-flex-align-items-stretch fusion-flex-justify-content-center fusion-flex-content-wrap\" style=\"--awb-flex-grow:0;--awb-flex-grow-medium:0;--awb-flex-grow-small:0;--awb-flex-shrink:0;--awb-flex-shrink-medium:0;--awb-flex-shrink-small:0;width:104% !important;max-width:104% !important;margin-left: calc(-4% \/ 2 );margin-right: calc(-4% \/ 2 );\"><div class=\"fusion-layout-column fusion_builder_column_inner fusion-builder-nested-column-4 fusion_builder_column_inner_1_1 1_1 fusion-flex-column\" style=\"--awb-bg-size:cover;--awb-width-large:100%;--awb-margin-top-large:0px;--awb-spacing-right-large:1.92%;--awb-margin-bottom-large:20px;--awb-spacing-left-large:1.92%;--awb-width-medium:100%;--awb-order-medium:0;--awb-spacing-right-medium:1.92%;--awb-spacing-left-medium:1.92%;--awb-width-small:100%;--awb-order-small:0;--awb-spacing-right-small:1.92%;--awb-spacing-left-small:1.92%;\"><div class=\"fusion-column-wrapper fusion-column-has-shadow fusion-flex-justify-content-flex-start fusion-content-layout-column\"><div class=\"fusion-content-tb fusion-content-tb-5\" style=\"--awb-text-color:var(--awb-color7);--awb-text-transform:none;\"><div class=\"fusion-fullwidth fullwidth-box fusion-builder-row-2-4 fusion-flex-container has-pattern-background has-mask-background nonhundred-percent-fullwidth non-hundred-percent-height-scrolling\" style=\"--awb-border-radius-top-left:0px;--awb-border-radius-top-right:0px;--awb-border-radius-bottom-right:0px;--awb-border-radius-bottom-left:0px;--awb-flex-wrap:wrap;\" ><div class=\"fusion-builder-row fusion-row fusion-flex-align-items-flex-start fusion-flex-content-wrap\" style=\"width:104% !important;max-width:104% !important;margin-left: calc(-4% \/ 2 );margin-right: calc(-4% \/ 2 );\"><div class=\"fusion-layout-column fusion_builder_column fusion-builder-column-18 fusion_builder_column_1_1 1_1 fusion-flex-column\" style=\"--awb-bg-size:cover;--awb-width-large:100%;--awb-flex-grow:0;--awb-flex-shrink:0;--awb-margin-top-large:0px;--awb-spacing-right-large:1.92%;--awb-margin-bottom-large:20px;--awb-spacing-left-large:1.92%;--awb-width-medium:100%;--awb-order-medium:0;--awb-flex-grow-medium:0;--awb-flex-shrink-medium:0;--awb-spacing-right-medium:1.92%;--awb-spacing-left-medium:1.92%;--awb-width-small:100%;--awb-order-small:0;--awb-flex-grow-small:0;--awb-flex-shrink-small:0;--awb-spacing-right-small:1.92%;--awb-spacing-left-small:1.92%;\"><div class=\"fusion-column-wrapper fusion-column-has-shadow fusion-flex-justify-content-flex-start fusion-content-layout-column\"><div class=\"fusion-reading-box-container reading-box-container-4\" style=\"--awb-title-color:var(--awb-color8);--awb-margin-top:0px;--awb-margin-bottom:20px;\"><div class=\"reading-box\" style=\"background-color:var(--awb-color2);border-width:1px;border-color:rgba(226,226,226,0);border-left-width:3px;border-left-color:var(--primary_color);border-style:solid;\"><div class=\"reading-box-additional\">\n<p>Es gelten Pflichtzeiten<\/p>\n<\/div><div class=\"fusion-clearfix\"><\/div><\/div><\/div><\/div><\/div><\/div><\/div>\n<\/div><\/div><\/div><\/div><\/div><\/li>\n<li class=\"fusion-layout-column fusion_builder_column fusion-builder-column-19 fusion-flex-column post-card fusion-grid-column fusion-post-cards-grid-column interne-veranstaltungen\" style=\"--awb-padding-bottom-medium:35px;--awb-overflow:hidden;--awb-bg-size:cover;--awb-box-shadow:0px 10px 20px hsla(var(--awb-color8-h),var(--awb-color8-s),var(--awb-color8-l),calc(var(--awb-color8-a) - 90%));;--awb-border-radius:12px 12px 12px 12px;--awb-transform:scaleX(1) scaleY(1);--awb-transform-hover:scaleX(1.01) scaleY(1.01);--awb-flex-grow:0;--awb-flex-shrink:0;--awb-flex-grow-medium:0;--awb-flex-shrink-medium:0;--awb-flex-grow-small:0;--awb-flex-shrink-small:0;\"><div class=\"fusion-column-wrapper fusion-column-has-shadow fusion-flex-justify-content-flex-start fusion-content-layout-column\"><div ><a class=\"fusion-button button-flat fusion-button-default-size button-custom fusion-button-default button-10 fusion-button-default-span \" style=\"--awb-margin-top:30px;--awb-margin-right:43px;--awb-margin-bottom:0px;--awb-margin-left:43px;--awb-padding-top:0px;--awb-padding-right:0px;--awb-padding-bottom:0px;--awb-padding-left:0px;--button_accent_color:var(--awb-color6);--button_accent_hover_color:var(--awb-color5);--button_border_hover_color:var(--awb-color1);--button_border_width-top:0px;--button_border_width-right:0px;--button_border_width-bottom:0px;--button_border_width-left:0px;--button-border-radius-top-left:6px;--button-border-radius-top-right:6px;--button-border-radius-bottom-right:6px;--button-border-radius-bottom-left:6px;--button_gradient_top_color:var(--awb-color1);--button_gradient_bottom_color:var(--awb-color1);--button_gradient_top_color_hover:var(--awb-color1);--button_gradient_bottom_color_hover:var(--awb-color1);--button_text_transform:var(--awb-typography5-text-transform);--button_font_size:var(--awb-typography5-font-size);--button_line_height:var(--awb-typography5-line-height);--button_typography-letter-spacing:var(--awb-typography5-letter-spacing);--button_typography-font-family:var(--awb-typography5-font-family);--button_typography-font-weight:var(--awb-typography5-font-weight);--button_typography-font-style:var(--awb-typography5-font-style);\" target=\"_self\" href=\"https:\/\/schwimmen-vfrsimmern.de\/index.php\/event\/grillfest-2\/\"><span class=\"fusion-button-text awb-button__text awb-button__text--default\"><\/span><\/a><\/div><div class=\"fusion-title title fusion-title-20 fusion-sep-none fusion-title-text fusion-title-size-five\" style=\"--awb-text-color:var(--awb-color8);--awb-margin-right:43px;--awb-margin-bottom:20px;--awb-margin-left:43px;--awb-margin-top-small:10px;--awb-margin-right-small:43px;--awb-margin-bottom-small:10px;--awb-margin-left-small:43px;--awb-margin-right-medium:43px;--awb-margin-left-medium:43px;--awb-link-hover-color:hsla(var(--awb-color8-h),var(--awb-color8-s),var(--awb-color8-l),calc(var(--awb-color8-a) - 30%));--awb-font-size:18px;\"><h5 class=\"fusion-title-heading title-heading-left fusion-responsive-typography-calculated\" style=\"font-family:&quot;Poppins&quot;;font-style:normal;font-weight:500;margin:0;font-size:1em;--fontSize:18;--minFontSize:18;line-height:1.44;\"><a href=\"https:\/\/schwimmen-vfrsimmern.de\/index.php\/event\/grillfest-2\/\" class=\"awb-custom-text-color awb-custom-text-hover-color\" target=\"_self\">Grillfest<\/a><\/h5><\/div><div class=\"fusion-separator fusion-full-width-sep\" style=\"align-self: center;margin-left: auto;margin-right: auto;flex-grow:1;margin-bottom:0px;width:100%;\"><\/div><div class=\"fusion-separator fusion-full-width-sep\" style=\"align-self: center;margin-left: auto;margin-right: auto;margin-bottom:25px;width:100%;\"><div class=\"fusion-separator-border sep-single sep-solid\" style=\"--awb-height:20px;--awb-amount:20px;border-color:var(--awb-color3);border-top-width:1px;\"><\/div><\/div><div class=\"fusion-title title fusion-title-21 fusion-sep-none fusion-title-text fusion-title-size-five\" style=\"--awb-text-color:var(--awb-color8);--awb-margin-right:43px;--awb-margin-bottom:20px;--awb-margin-left:43px;--awb-margin-top-small:10px;--awb-margin-right-small:43px;--awb-margin-bottom-small:10px;--awb-margin-left-small:43px;--awb-margin-right-medium:43px;--awb-margin-left-medium:43px;--awb-link-hover-color:hsla(var(--awb-color8-h),var(--awb-color8-s),var(--awb-color8-l),calc(var(--awb-color8-a) - 30%));--awb-font-size:18px;\"><h5 class=\"fusion-title-heading title-heading-left\" style=\"font-family:&quot;Poppins&quot;;font-style:normal;font-weight:500;margin:0;font-size:1em;line-height:26px;\"><a href=\"https:\/\/schwimmen-vfrsimmern.de\/index.php\/event\/grillfest-2\/\" class=\"awb-custom-text-color awb-custom-text-hover-color\" target=\"_self\">August 15 @ 17:00 - 22:00<\/a><\/h5><\/div><div class=\"fusion-builder-row fusion-builder-row-inner fusion-row fusion-flex-align-items-stretch fusion-flex-justify-content-center fusion-flex-content-wrap\" style=\"--awb-flex-grow:0;--awb-flex-grow-medium:0;--awb-flex-grow-small:0;--awb-flex-shrink:0;--awb-flex-shrink-medium:0;--awb-flex-shrink-small:0;width:104% !important;max-width:104% !important;margin-left: calc(-4% \/ 2 );margin-right: calc(-4% \/ 2 );\"><div class=\"fusion-layout-column fusion_builder_column_inner fusion-builder-nested-column-5 fusion_builder_column_inner_1_1 1_1 fusion-flex-column\" style=\"--awb-bg-size:cover;--awb-width-large:100%;--awb-margin-top-large:0px;--awb-spacing-right-large:1.92%;--awb-margin-bottom-large:20px;--awb-spacing-left-large:1.92%;--awb-width-medium:100%;--awb-order-medium:0;--awb-spacing-right-medium:1.92%;--awb-spacing-left-medium:1.92%;--awb-width-small:100%;--awb-order-small:0;--awb-spacing-right-small:1.92%;--awb-spacing-left-small:1.92%;\"><div class=\"fusion-column-wrapper fusion-column-has-shadow fusion-flex-justify-content-flex-start fusion-content-layout-column\"><div class=\"fusion-content-tb fusion-content-tb-6\" style=\"--awb-text-color:var(--awb-color7);--awb-text-transform:none;\"><p>Wir freuen uns auf unser Grillfest f\u00fcr die ganze Familie am Schmiedelpark!<\/p>\n<\/div><\/div><\/div><\/div><\/div><\/li>\n<li class=\"fusion-layout-column fusion_builder_column fusion-builder-column-20 fusion-flex-column post-card fusion-grid-column fusion-post-cards-grid-column nachwuchsschwimmfest wettkampf\" style=\"--awb-padding-bottom-medium:35px;--awb-overflow:hidden;--awb-bg-size:cover;--awb-box-shadow:0px 10px 20px hsla(var(--awb-color8-h),var(--awb-color8-s),var(--awb-color8-l),calc(var(--awb-color8-a) - 90%));;--awb-border-radius:12px 12px 12px 12px;--awb-transform:scaleX(1) scaleY(1);--awb-transform-hover:scaleX(1.01) scaleY(1.01);--awb-flex-grow:0;--awb-flex-shrink:0;--awb-flex-grow-medium:0;--awb-flex-shrink-medium:0;--awb-flex-grow-small:0;--awb-flex-shrink-small:0;\"><div class=\"fusion-column-wrapper fusion-column-has-shadow fusion-flex-justify-content-flex-start fusion-content-layout-column\"><div ><a class=\"fusion-button button-flat fusion-button-default-size button-custom fusion-button-default button-11 fusion-button-default-span \" style=\"--awb-margin-top:30px;--awb-margin-right:43px;--awb-margin-bottom:0px;--awb-margin-left:43px;--awb-padding-top:0px;--awb-padding-right:0px;--awb-padding-bottom:0px;--awb-padding-left:0px;--button_accent_color:var(--awb-color6);--button_accent_hover_color:var(--awb-color5);--button_border_hover_color:var(--awb-color1);--button_border_width-top:0px;--button_border_width-right:0px;--button_border_width-bottom:0px;--button_border_width-left:0px;--button-border-radius-top-left:6px;--button-border-radius-top-right:6px;--button-border-radius-bottom-right:6px;--button-border-radius-bottom-left:6px;--button_gradient_top_color:var(--awb-color1);--button_gradient_bottom_color:var(--awb-color1);--button_gradient_top_color_hover:var(--awb-color1);--button_gradient_bottom_color_hover:var(--awb-color1);--button_text_transform:var(--awb-typography5-text-transform);--button_font_size:var(--awb-typography5-font-size);--button_line_height:var(--awb-typography5-line-height);--button_typography-letter-spacing:var(--awb-typography5-letter-spacing);--button_typography-font-family:var(--awb-typography5-font-family);--button_typography-font-weight:var(--awb-typography5-font-weight);--button_typography-font-style:var(--awb-typography5-font-style);\" target=\"_self\" href=\"https:\/\/schwimmen-vfrsimmern.de\/index.php\/event\/schinderhannes-schwimmfest-2\/\"><span class=\"fusion-button-text awb-button__text awb-button__text--default\"><\/span><\/a><\/div><div class=\"fusion-title title fusion-title-22 fusion-sep-none fusion-title-text fusion-title-size-five\" style=\"--awb-text-color:var(--awb-color8);--awb-margin-right:43px;--awb-margin-bottom:20px;--awb-margin-left:43px;--awb-margin-top-small:10px;--awb-margin-right-small:43px;--awb-margin-bottom-small:10px;--awb-margin-left-small:43px;--awb-margin-right-medium:43px;--awb-margin-left-medium:43px;--awb-link-hover-color:hsla(var(--awb-color8-h),var(--awb-color8-s),var(--awb-color8-l),calc(var(--awb-color8-a) - 30%));--awb-font-size:18px;\"><h5 class=\"fusion-title-heading title-heading-left fusion-responsive-typography-calculated\" style=\"font-family:&quot;Poppins&quot;;font-style:normal;font-weight:500;margin:0;font-size:1em;--fontSize:18;--minFontSize:18;line-height:1.44;\"><a href=\"https:\/\/schwimmen-vfrsimmern.de\/index.php\/event\/schinderhannes-schwimmfest-2\/\" class=\"awb-custom-text-color awb-custom-text-hover-color\" target=\"_self\">Schinderhannes-Schwimmfest<\/a><\/h5><\/div><div class=\"fusion-separator fusion-full-width-sep\" style=\"align-self: center;margin-left: auto;margin-right: auto;flex-grow:1;margin-bottom:0px;width:100%;\"><\/div><div class=\"fusion-separator fusion-full-width-sep\" style=\"align-self: center;margin-left: auto;margin-right: auto;margin-bottom:25px;width:100%;\"><div class=\"fusion-separator-border sep-single sep-solid\" style=\"--awb-height:20px;--awb-amount:20px;border-color:var(--awb-color3);border-top-width:1px;\"><\/div><\/div><div class=\"fusion-title title fusion-title-23 fusion-sep-none fusion-title-text fusion-title-size-five\" style=\"--awb-text-color:var(--awb-color8);--awb-margin-right:43px;--awb-margin-bottom:20px;--awb-margin-left:43px;--awb-margin-top-small:10px;--awb-margin-right-small:43px;--awb-margin-bottom-small:10px;--awb-margin-left-small:43px;--awb-margin-right-medium:43px;--awb-margin-left-medium:43px;--awb-link-hover-color:hsla(var(--awb-color8-h),var(--awb-color8-s),var(--awb-color8-l),calc(var(--awb-color8-a) - 30%));--awb-font-size:18px;\"><h5 class=\"fusion-title-heading title-heading-left\" style=\"font-family:&quot;Poppins&quot;;font-style:normal;font-weight:500;margin:0;font-size:1em;line-height:26px;\"><a href=\"https:\/\/schwimmen-vfrsimmern.de\/index.php\/event\/schinderhannes-schwimmfest-2\/\" class=\"awb-custom-text-color awb-custom-text-hover-color\" target=\"_self\">September 19 @ 8:00 - September 20 @ 19:00<\/a><\/h5><\/div><div class=\"fusion-builder-row fusion-builder-row-inner fusion-row fusion-flex-align-items-stretch fusion-flex-justify-content-center fusion-flex-content-wrap\" style=\"--awb-flex-grow:0;--awb-flex-grow-medium:0;--awb-flex-grow-small:0;--awb-flex-shrink:0;--awb-flex-shrink-medium:0;--awb-flex-shrink-small:0;width:104% !important;max-width:104% !important;margin-left: calc(-4% \/ 2 );margin-right: calc(-4% \/ 2 );\"><div class=\"fusion-layout-column fusion_builder_column_inner fusion-builder-nested-column-6 fusion_builder_column_inner_1_1 1_1 fusion-flex-column\" style=\"--awb-bg-size:cover;--awb-width-large:100%;--awb-margin-top-large:0px;--awb-spacing-right-large:1.92%;--awb-margin-bottom-large:20px;--awb-spacing-left-large:1.92%;--awb-width-medium:100%;--awb-order-medium:0;--awb-spacing-right-medium:1.92%;--awb-spacing-left-medium:1.92%;--awb-width-small:100%;--awb-order-small:0;--awb-spacing-right-small:1.92%;--awb-spacing-left-small:1.92%;\"><div class=\"fusion-column-wrapper fusion-column-has-shadow fusion-flex-justify-content-flex-start fusion-content-layout-column\"><div class=\"fusion-content-tb fusion-content-tb-7\" style=\"--awb-text-color:var(--awb-color7);--awb-text-transform:none;\"><\/div><\/div><\/div><\/div><\/div><\/li>\n<li class=\"fusion-layout-column fusion_builder_column fusion-builder-column-21 fusion-flex-column post-card fusion-grid-column fusion-post-cards-grid-column interne-veranstaltungen\" style=\"--awb-padding-bottom-medium:35px;--awb-overflow:hidden;--awb-bg-size:cover;--awb-box-shadow:0px 10px 20px hsla(var(--awb-color8-h),var(--awb-color8-s),var(--awb-color8-l),calc(var(--awb-color8-a) - 90%));;--awb-border-radius:12px 12px 12px 12px;--awb-transform:scaleX(1) scaleY(1);--awb-transform-hover:scaleX(1.01) scaleY(1.01);--awb-flex-grow:0;--awb-flex-shrink:0;--awb-flex-grow-medium:0;--awb-flex-shrink-medium:0;--awb-flex-grow-small:0;--awb-flex-shrink-small:0;\"><div class=\"fusion-column-wrapper fusion-column-has-shadow fusion-flex-justify-content-flex-start fusion-content-layout-column\"><div ><a class=\"fusion-button button-flat fusion-button-default-size button-custom fusion-button-default button-12 fusion-button-default-span \" style=\"--awb-margin-top:30px;--awb-margin-right:43px;--awb-margin-bottom:0px;--awb-margin-left:43px;--awb-padding-top:0px;--awb-padding-right:0px;--awb-padding-bottom:0px;--awb-padding-left:0px;--button_accent_color:var(--awb-color6);--button_accent_hover_color:var(--awb-color5);--button_border_hover_color:var(--awb-color1);--button_border_width-top:0px;--button_border_width-right:0px;--button_border_width-bottom:0px;--button_border_width-left:0px;--button-border-radius-top-left:6px;--button-border-radius-top-right:6px;--button-border-radius-bottom-right:6px;--button-border-radius-bottom-left:6px;--button_gradient_top_color:var(--awb-color1);--button_gradient_bottom_color:var(--awb-color1);--button_gradient_top_color_hover:var(--awb-color1);--button_gradient_bottom_color_hover:var(--awb-color1);--button_text_transform:var(--awb-typography5-text-transform);--button_font_size:var(--awb-typography5-font-size);--button_line_height:var(--awb-typography5-line-height);--button_typography-letter-spacing:var(--awb-typography5-letter-spacing);--button_typography-font-family:var(--awb-typography5-font-family);--button_typography-font-weight:var(--awb-typography5-font-weight);--button_typography-font-style:var(--awb-typography5-font-style);\" target=\"_self\" href=\"https:\/\/schwimmen-vfrsimmern.de\/index.php\/event\/trainingslager-italien\/\"><span class=\"fusion-button-text awb-button__text awb-button__text--default\"><\/span><\/a><\/div><div class=\"fusion-title title fusion-title-24 fusion-sep-none fusion-title-text fusion-title-size-five\" style=\"--awb-text-color:var(--awb-color8);--awb-margin-right:43px;--awb-margin-bottom:20px;--awb-margin-left:43px;--awb-margin-top-small:10px;--awb-margin-right-small:43px;--awb-margin-bottom-small:10px;--awb-margin-left-small:43px;--awb-margin-right-medium:43px;--awb-margin-left-medium:43px;--awb-link-hover-color:hsla(var(--awb-color8-h),var(--awb-color8-s),var(--awb-color8-l),calc(var(--awb-color8-a) - 30%));--awb-font-size:18px;\"><h5 class=\"fusion-title-heading title-heading-left fusion-responsive-typography-calculated\" style=\"font-family:&quot;Poppins&quot;;font-style:normal;font-weight:500;margin:0;font-size:1em;--fontSize:18;--minFontSize:18;line-height:1.44;\"><a href=\"https:\/\/schwimmen-vfrsimmern.de\/index.php\/event\/trainingslager-italien\/\" class=\"awb-custom-text-color awb-custom-text-hover-color\" target=\"_self\">Trainingslager Italien<\/a><\/h5><\/div><div class=\"fusion-separator fusion-full-width-sep\" style=\"align-self: center;margin-left: auto;margin-right: auto;flex-grow:1;margin-bottom:0px;width:100%;\"><\/div><div class=\"fusion-separator fusion-full-width-sep\" style=\"align-self: center;margin-left: auto;margin-right: auto;margin-bottom:25px;width:100%;\"><div class=\"fusion-separator-border sep-single sep-solid\" style=\"--awb-height:20px;--awb-amount:20px;border-color:var(--awb-color3);border-top-width:1px;\"><\/div><\/div><div class=\"fusion-title title fusion-title-25 fusion-sep-none fusion-title-text fusion-title-size-five\" style=\"--awb-text-color:var(--awb-color8);--awb-margin-right:43px;--awb-margin-bottom:20px;--awb-margin-left:43px;--awb-margin-top-small:10px;--awb-margin-right-small:43px;--awb-margin-bottom-small:10px;--awb-margin-left-small:43px;--awb-margin-right-medium:43px;--awb-margin-left-medium:43px;--awb-link-hover-color:hsla(var(--awb-color8-h),var(--awb-color8-s),var(--awb-color8-l),calc(var(--awb-color8-a) - 30%));--awb-font-size:18px;\"><h5 class=\"fusion-title-heading title-heading-left\" style=\"font-family:&quot;Poppins&quot;;font-style:normal;font-weight:500;margin:0;font-size:1em;line-height:26px;\"><a href=\"https:\/\/schwimmen-vfrsimmern.de\/index.php\/event\/trainingslager-italien\/\" class=\"awb-custom-text-color awb-custom-text-hover-color\" target=\"_self\">Oktober 3 - Oktober 10<\/a><\/h5><\/div><div class=\"fusion-builder-row fusion-builder-row-inner fusion-row fusion-flex-align-items-stretch fusion-flex-justify-content-center fusion-flex-content-wrap\" style=\"--awb-flex-grow:0;--awb-flex-grow-medium:0;--awb-flex-grow-small:0;--awb-flex-shrink:0;--awb-flex-shrink-medium:0;--awb-flex-shrink-small:0;width:104% !important;max-width:104% !important;margin-left: calc(-4% \/ 2 );margin-right: calc(-4% \/ 2 );\"><div class=\"fusion-layout-column fusion_builder_column_inner fusion-builder-nested-column-7 fusion_builder_column_inner_1_1 1_1 fusion-flex-column\" style=\"--awb-bg-size:cover;--awb-width-large:100%;--awb-margin-top-large:0px;--awb-spacing-right-large:1.92%;--awb-margin-bottom-large:20px;--awb-spacing-left-large:1.92%;--awb-width-medium:100%;--awb-order-medium:0;--awb-spacing-right-medium:1.92%;--awb-spacing-left-medium:1.92%;--awb-width-small:100%;--awb-order-small:0;--awb-spacing-right-small:1.92%;--awb-spacing-left-small:1.92%;\"><div class=\"fusion-column-wrapper fusion-column-has-shadow fusion-flex-justify-content-flex-start fusion-content-layout-column\"><div class=\"fusion-content-tb fusion-content-tb-8\" style=\"--awb-text-color:var(--awb-color7);--awb-text-transform:none;\"><p>Die Einladungen werden pers\u00f6nlich versendet.<\/p>\n<\/div><\/div><\/div><\/div><\/div><\/li>\n<\/ul><div class=\"fusion-infinite-scroll-trigger\"><\/div><div class=\"pagination infinite-scroll clearfix\" style=\"display:none;\"><\/div><div class=\"fusion-clearfix\"><\/div><\/div><\/div><\/div><\/div><\/div><\/p>\n","protected":false},"excerpt":{"rendered":"","protected":false},"author":1,"featured_media":0,"parent":0,"menu_order":0,"comment_status":"closed","ping_status":"closed","template":"100-width.php","meta":{"_bbp_topic_count":0,"_bbp_reply_count":0,"_bbp_total_topic_count":0,"_bbp_total_reply_count":0,"_bbp_voice_count":0,"_bbp_anonymous_reply_count":0,"_bbp_topic_count_hidden":0,"_bbp_reply_count_hidden":0,"_bbp_forum_subforum_count":0,"footnotes":""},"class_list":["post-3361","page","type-page","status-publish","hentry"],"_links":{"self":[{"href":"https:\/\/schwimmen-vfrsimmern.de\/index.php\/wp-json\/wp\/v2\/pages\/3361","targetHints":{"allow":["GET"]}}],"collection":[{"href":"https:\/\/schwimmen-vfrsimmern.de\/index.php\/wp-json\/wp\/v2\/pages"}],"about":[{"href":"https:\/\/schwimmen-vfrsimmern.de\/index.php\/wp-json\/wp\/v2\/types\/page"}],"author":[{"embeddable":true,"href":"https:\/\/schwimmen-vfrsimmern.de\/index.php\/wp-json\/wp\/v2\/users\/1"}],"replies":[{"embeddable":true,"href":"https:\/\/schwimmen-vfrsimmern.de\/index.php\/wp-json\/wp\/v2\/comments?post=3361"}],"version-history":[{"count":70,"href":"https:\/\/schwimmen-vfrsimmern.de\/index.php\/wp-json\/wp\/v2\/pages\/3361\/revisions"}],"predecessor-version":[{"id":6773,"href":"https:\/\/schwimmen-vfrsimmern.de\/index.php\/wp-json\/wp\/v2\/pages\/3361\/revisions\/6773"}],"wp:attachment":[{"href":"https:\/\/schwimmen-vfrsimmern.de\/index.php\/wp-json\/wp\/v2\/media?parent=3361"}],"curies":[{"name":"wp","href":"https:\/\/api.w.org\/{rel}","templated":true}]}}